{"id":67,"date":"2014-05-28T12:39:55","date_gmt":"2014-05-28T12:39:55","guid":{"rendered":"http:\/\/www.stripesarchitects.nl\/nl\/?page_id=67"},"modified":"2023-06-13T10:18:05","modified_gmt":"2023-06-13T09:18:05","slug":"portfolio","status":"publish","type":"page","link":"https:\/\/www.stripesarchitects.nl\/nl\/portfolio\/","title":{"rendered":"portfolio"},"content":{"rendered":"<section class=\"wpb-content-wrapper\"><p>[vc_row row_type=&#8221;row&#8221; use_row_as_full_screen_section=&#8221;no&#8221; type=&#8221;full_width&#8221; angled_section=&#8221;no&#8221; text_align=&#8221;left&#8221; background_image_as_pattern=&#8221;without_pattern&#8221;][vc_column][vc_column_text]<div class='projects_holder_outer v3 portfolio_with_space portfolio_standard'>\n    \n    <div class='filter_outer'>\n        <div class='filter_holder'>\n            <ul>\n                                    <li class='filter' data-filter='all'>                        <span  style='color:#cdcc00'>All<\/span>\n                    <\/li>\n                \n                                                <li class='filter' data-filter='portfolio_category_19'>\n                                                        <span  style='color:#cdcc00'>logistiek<\/span>\n                                    <\/li>\n                                                <li class='filter' data-filter='portfolio_category_11'>\n                                                        <span  style='color:#cdcc00'>zorg<\/span>\n                                    <\/li>\n                                                <li class='filter' data-filter='portfolio_category_15'>\n                                                        <span  style='color:#cdcc00'>wonen<\/span>\n                                    <\/li>\n                                                <li class='filter' data-filter='portfolio_category_16'>\n                                                        <span  style='color:#cdcc00'>utiliteit<\/span>\n                                    <\/li>\n                                                <li class='filter' data-filter='portfolio_category_17'>\n                                                        <span  style='color:#cdcc00'>sport<\/span>\n                                    <\/li>\n                                                <li class='filter' data-filter='portfolio_category_18'>\n                                                        <span  style='color:#cdcc00'>onderwijs<\/span>\n                                    <\/li>\n                                                <li class='filter' data-filter='portfolio_category_20'>\n                                                        <span  style='color:#cdcc00'>herbestemming\/ renovatie<\/span>\n                                    <\/li>\n                                                <li class='filter' data-filter='portfolio_category_40'>\n                                                        <span  style='color:#cdcc00'>Duitsland<\/span>\n                                    <\/li>\n            \n            <\/ul>\n        <\/div>\n    <\/div>\n\n    <div class='projects_holder portfolio_main_holder clearfix v3 standard portfolio_full_image '>\n        \n        <article class='mix portfolio_category_19 default' style=''>\n    \n    \n    \n                <div class='image_holder'>\n                <a itemprop='url' class='portfolio_link_for_touch' href='https:\/\/www.stripesarchitects.nl\/nl\/portfolio_page\/distributiecentrum-my_jewellery-intervest-te-s-hertogenbosch\/' target=''>\n                    \n<span class='image'><img width=\"1600\" height=\"900\" src=\"https:\/\/www.stripesarchitects.nl\/nl\/wp-content\/uploads\/2023\/05\/Den-Bosch-Intervest_My-Jewellery-01web-1.jpg\" class=\"attachment-full size-full wp-post-image\" alt=\"\" decoding=\"async\" srcset=\"https:\/\/www.stripesarchitects.nl\/nl\/wp-content\/uploads\/2023\/05\/Den-Bosch-Intervest_My-Jewellery-01web-1.jpg 1600w, https:\/\/www.stripesarchitects.nl\/nl\/wp-content\/uploads\/2023\/05\/Den-Bosch-Intervest_My-Jewellery-01web-1-300x169.jpg 300w, https:\/\/www.stripesarchitects.nl\/nl\/wp-content\/uploads\/2023\/05\/Den-Bosch-Intervest_My-Jewellery-01web-1-1024x576.jpg 1024w, https:\/\/www.stripesarchitects.nl\/nl\/wp-content\/uploads\/2023\/05\/Den-Bosch-Intervest_My-Jewellery-01web-1-768x432.jpg 768w, https:\/\/www.stripesarchitects.nl\/nl\/wp-content\/uploads\/2023\/05\/Den-Bosch-Intervest_My-Jewellery-01web-1-1536x864.jpg 1536w, https:\/\/www.stripesarchitects.nl\/nl\/wp-content\/uploads\/2023\/05\/Den-Bosch-Intervest_My-Jewellery-01web-1-700x394.jpg 700w, https:\/\/www.stripesarchitects.nl\/nl\/wp-content\/uploads\/2023\/05\/Den-Bosch-Intervest_My-Jewellery-01web-1-539x303.jpg 539w, https:\/\/www.stripesarchitects.nl\/nl\/wp-content\/uploads\/2023\/05\/Den-Bosch-Intervest_My-Jewellery-01web-1-355x200.jpg 355w\" sizes=\"(max-width: 1600px) 100vw, 1600px\" \/><\/span>                <\/a>\n\n                <span class='text_holder'>\n    <span class='text_outer'>\n        <span class='text_inner'>\n            <span class='feature_holder'>\n                            <span class=\"feature_holder_icons\">';\n                            <a itemprop='image' class='lightbox qbutton small white' title='distributiecentrum My Jewellery te &#8216;s-Hertogenbosch' href='https:\/\/www.stripesarchitects.nl\/nl\/wp-content\/uploads\/2023\/05\/Den-Bosch-Intervest_My-Jewellery-01web-1.jpg' data-rel='prettyPhoto[pretty_photo_gallery]'>zoom<\/a>\n    \n                            <a itemprop='url' class='preview qbutton small white' href='https:\/\/www.stripesarchitects.nl\/nl\/portfolio_page\/distributiecentrum-my_jewellery-intervest-te-s-hertogenbosch\/' target='_self'>view<\/i><\/a>\n    \n                                            <\/span>\n        <\/span>\n    <\/span>\n<\/span>            <\/div>\n                <div class='portfolio_description ' >\n\n        \n    <h5 itemprop=\"name\" class=\"portfolio_title entry_title\"><a itemprop=\"url\" href=\"https:\/\/www.stripesarchitects.nl\/nl\/portfolio_page\/distributiecentrum-my_jewellery-intervest-te-s-hertogenbosch\/\"  target=\"_self\"> distributiecentrum My Jewellery te &#8216;s-Hertogenbosch<\/a><\/h5>\n\n\n        \n            <span class=\"project_category\" style=\"color: #ffffff\" >\n    logistiek    <\/span>\n\n    <\/div>\n        \n<\/article>\n<article class='mix portfolio_category_11 default' style=''>\n    \n    \n    \n                <div class='image_holder'>\n                <a itemprop='url' class='portfolio_link_for_touch' href='https:\/\/www.stripesarchitects.nl\/nl\/portfolio_page\/zorgwoningen-bij-hoeve-corisberg-heerlen\/' target=''>\n                    \n<span class='image'><img width=\"1600\" height=\"900\" src=\"https:\/\/www.stripesarchitects.nl\/nl\/wp-content\/uploads\/2023\/06\/Corisberghoeve_Zonnehuizen_zorgwoningen_Heerlen_01web.jpg\" class=\"attachment-full size-full wp-post-image\" alt=\"\" decoding=\"async\" srcset=\"https:\/\/www.stripesarchitects.nl\/nl\/wp-content\/uploads\/2023\/06\/Corisberghoeve_Zonnehuizen_zorgwoningen_Heerlen_01web.jpg 1600w, https:\/\/www.stripesarchitects.nl\/nl\/wp-content\/uploads\/2023\/06\/Corisberghoeve_Zonnehuizen_zorgwoningen_Heerlen_01web-300x169.jpg 300w, https:\/\/www.stripesarchitects.nl\/nl\/wp-content\/uploads\/2023\/06\/Corisberghoeve_Zonnehuizen_zorgwoningen_Heerlen_01web-1024x576.jpg 1024w, https:\/\/www.stripesarchitects.nl\/nl\/wp-content\/uploads\/2023\/06\/Corisberghoeve_Zonnehuizen_zorgwoningen_Heerlen_01web-768x432.jpg 768w, https:\/\/www.stripesarchitects.nl\/nl\/wp-content\/uploads\/2023\/06\/Corisberghoeve_Zonnehuizen_zorgwoningen_Heerlen_01web-1536x864.jpg 1536w, https:\/\/www.stripesarchitects.nl\/nl\/wp-content\/uploads\/2023\/06\/Corisberghoeve_Zonnehuizen_zorgwoningen_Heerlen_01web-700x394.jpg 700w, https:\/\/www.stripesarchitects.nl\/nl\/wp-content\/uploads\/2023\/06\/Corisberghoeve_Zonnehuizen_zorgwoningen_Heerlen_01web-539x303.jpg 539w, https:\/\/www.stripesarchitects.nl\/nl\/wp-content\/uploads\/2023\/06\/Corisberghoeve_Zonnehuizen_zorgwoningen_Heerlen_01web-355x200.jpg 355w\" sizes=\"(max-width: 1600px) 100vw, 1600px\" \/><\/span>                <\/a>\n\n                <span class='text_holder'>\n    <span class='text_outer'>\n        <span class='text_inner'>\n            <span class='feature_holder'>\n                            <span class=\"feature_holder_icons\">';\n                            <a itemprop='image' class='lightbox qbutton small white' title='zorgwoningen bij Hoeve Corisberg Heerlen' href='https:\/\/www.stripesarchitects.nl\/nl\/wp-content\/uploads\/2023\/06\/Corisberghoeve_Zonnehuizen_zorgwoningen_Heerlen_01web.jpg' data-rel='prettyPhoto[pretty_photo_gallery]'>zoom<\/a>\n    \n                            <a itemprop='url' class='preview qbutton small white' href='https:\/\/www.stripesarchitects.nl\/nl\/portfolio_page\/zorgwoningen-bij-hoeve-corisberg-heerlen\/' target='_self'>view<\/i><\/a>\n    \n                                            <\/span>\n        <\/span>\n    <\/span>\n<\/span>            <\/div>\n                <div class='portfolio_description ' >\n\n        \n    <h5 itemprop=\"name\" class=\"portfolio_title entry_title\"><a itemprop=\"url\" href=\"https:\/\/www.stripesarchitects.nl\/nl\/portfolio_page\/zorgwoningen-bij-hoeve-corisberg-heerlen\/\"  target=\"_self\"> zorgwoningen bij Hoeve Corisberg Heerlen<\/a><\/h5>\n\n\n        \n            <span class=\"project_category\" style=\"color: #ffffff\" >\n    zorg    <\/span>\n\n    <\/div>\n        \n<\/article>\n<article class='mix portfolio_category_15 default' style=''>\n    \n    \n    \n                <div class='image_holder'>\n                <a itemprop='url' class='portfolio_link_for_touch' href='https:\/\/www.stripesarchitects.nl\/nl\/portfolio_page\/appartementen-eindhoven\/' target=''>\n                    \n<span class='image'><img width=\"1600\" height=\"900\" src=\"https:\/\/www.stripesarchitects.nl\/nl\/wp-content\/uploads\/2023\/05\/Eindhoven_appartementen_Waghemakerstraat_01web.jpg\" class=\"attachment-full size-full wp-post-image\" alt=\"\" decoding=\"async\" srcset=\"https:\/\/www.stripesarchitects.nl\/nl\/wp-content\/uploads\/2023\/05\/Eindhoven_appartementen_Waghemakerstraat_01web.jpg 1600w, https:\/\/www.stripesarchitects.nl\/nl\/wp-content\/uploads\/2023\/05\/Eindhoven_appartementen_Waghemakerstraat_01web-300x169.jpg 300w, https:\/\/www.stripesarchitects.nl\/nl\/wp-content\/uploads\/2023\/05\/Eindhoven_appartementen_Waghemakerstraat_01web-1024x576.jpg 1024w, https:\/\/www.stripesarchitects.nl\/nl\/wp-content\/uploads\/2023\/05\/Eindhoven_appartementen_Waghemakerstraat_01web-768x432.jpg 768w, https:\/\/www.stripesarchitects.nl\/nl\/wp-content\/uploads\/2023\/05\/Eindhoven_appartementen_Waghemakerstraat_01web-1536x864.jpg 1536w, https:\/\/www.stripesarchitects.nl\/nl\/wp-content\/uploads\/2023\/05\/Eindhoven_appartementen_Waghemakerstraat_01web-700x394.jpg 700w, https:\/\/www.stripesarchitects.nl\/nl\/wp-content\/uploads\/2023\/05\/Eindhoven_appartementen_Waghemakerstraat_01web-539x303.jpg 539w, https:\/\/www.stripesarchitects.nl\/nl\/wp-content\/uploads\/2023\/05\/Eindhoven_appartementen_Waghemakerstraat_01web-355x200.jpg 355w\" sizes=\"(max-width: 1600px) 100vw, 1600px\" \/><\/span>                <\/a>\n\n                <span class='text_holder'>\n    <span class='text_outer'>\n        <span class='text_inner'>\n            <span class='feature_holder'>\n                            <span class=\"feature_holder_icons\">';\n                            <a itemprop='image' class='lightbox qbutton small white' title='appartementen Eindhoven' href='https:\/\/www.stripesarchitects.nl\/nl\/wp-content\/uploads\/2023\/05\/Eindhoven_appartementen_Waghemakerstraat_01web.jpg' data-rel='prettyPhoto[pretty_photo_gallery]'>zoom<\/a>\n    \n                            <a itemprop='url' class='preview qbutton small white' href='https:\/\/www.stripesarchitects.nl\/nl\/portfolio_page\/appartementen-eindhoven\/' target='_self'>view<\/i><\/a>\n    \n                                            <\/span>\n        <\/span>\n    <\/span>\n<\/span>            <\/div>\n                <div class='portfolio_description ' >\n\n        \n    <h5 itemprop=\"name\" class=\"portfolio_title entry_title\"><a itemprop=\"url\" href=\"https:\/\/www.stripesarchitects.nl\/nl\/portfolio_page\/appartementen-eindhoven\/\"  target=\"_self\"> appartementen Eindhoven<\/a><\/h5>\n\n\n        \n            <span class=\"project_category\" style=\"color: #ffffff\" >\n    wonen    <\/span>\n\n    <\/div>\n        \n<\/article>\n<article class='mix portfolio_category_19 default' style=''>\n    \n    \n    \n                <div class='image_holder'>\n                <a itemprop='url' class='portfolio_link_for_touch' href='https:\/\/www.stripesarchitects.nl\/nl\/portfolio_page\/distributiecentrum-primark-roosendaal\/' target=''>\n                    \n<span class='image'><img width=\"1600\" height=\"925\" src=\"https:\/\/www.stripesarchitects.nl\/nl\/wp-content\/uploads\/2023\/05\/Roosendaal_distributiecentrum_Primark_01aweb-1.jpg\" class=\"attachment-full size-full wp-post-image\" alt=\"\" decoding=\"async\" srcset=\"https:\/\/www.stripesarchitects.nl\/nl\/wp-content\/uploads\/2023\/05\/Roosendaal_distributiecentrum_Primark_01aweb-1.jpg 1600w, https:\/\/www.stripesarchitects.nl\/nl\/wp-content\/uploads\/2023\/05\/Roosendaal_distributiecentrum_Primark_01aweb-1-300x173.jpg 300w, https:\/\/www.stripesarchitects.nl\/nl\/wp-content\/uploads\/2023\/05\/Roosendaal_distributiecentrum_Primark_01aweb-1-1024x592.jpg 1024w, https:\/\/www.stripesarchitects.nl\/nl\/wp-content\/uploads\/2023\/05\/Roosendaal_distributiecentrum_Primark_01aweb-1-768x444.jpg 768w, https:\/\/www.stripesarchitects.nl\/nl\/wp-content\/uploads\/2023\/05\/Roosendaal_distributiecentrum_Primark_01aweb-1-1536x888.jpg 1536w, https:\/\/www.stripesarchitects.nl\/nl\/wp-content\/uploads\/2023\/05\/Roosendaal_distributiecentrum_Primark_01aweb-1-345x198.jpg 345w, https:\/\/www.stripesarchitects.nl\/nl\/wp-content\/uploads\/2023\/05\/Roosendaal_distributiecentrum_Primark_01aweb-1-700x405.jpg 700w\" sizes=\"(max-width: 1600px) 100vw, 1600px\" \/><\/span>                <\/a>\n\n                <span class='text_holder'>\n    <span class='text_outer'>\n        <span class='text_inner'>\n            <span class='feature_holder'>\n                            <span class=\"feature_holder_icons\">';\n                            <a itemprop='image' class='lightbox qbutton small white' title='distributiecentrum Primark te Roosendaal' href='https:\/\/www.stripesarchitects.nl\/nl\/wp-content\/uploads\/2023\/05\/Roosendaal_distributiecentrum_Primark_01aweb-1.jpg' data-rel='prettyPhoto[pretty_photo_gallery]'>zoom<\/a>\n    \n                            <a itemprop='url' class='preview qbutton small white' href='https:\/\/www.stripesarchitects.nl\/nl\/portfolio_page\/distributiecentrum-primark-roosendaal\/' target='_self'>view<\/i><\/a>\n    \n                                            <\/span>\n        <\/span>\n    <\/span>\n<\/span>            <\/div>\n                <div class='portfolio_description ' >\n\n        \n    <h5 itemprop=\"name\" class=\"portfolio_title entry_title\"><a itemprop=\"url\" href=\"https:\/\/www.stripesarchitects.nl\/nl\/portfolio_page\/distributiecentrum-primark-roosendaal\/\"  target=\"_self\"> distributiecentrum Primark te Roosendaal<\/a><\/h5>\n\n\n        \n            <span class=\"project_category\" style=\"color: #ffffff\" >\n    logistiek    <\/span>\n\n    <\/div>\n        \n<\/article>\n<article class='mix portfolio_category_11 default' style=''>\n    \n    \n    \n                <div class='image_holder'>\n                <a itemprop='url' class='portfolio_link_for_touch' href='https:\/\/www.stripesarchitects.nl\/nl\/portfolio_page\/zorgappartementen-pg-somatiek-laren\/' target=''>\n                    \n<span class='image'><img width=\"1600\" height=\"900\" src=\"https:\/\/www.stripesarchitects.nl\/nl\/wp-content\/uploads\/2023\/05\/Laren_zorgappartementen-PG-en-Somatiek_Nusantara_01web-1.jpg\" class=\"attachment-full size-full wp-post-image\" alt=\"\" decoding=\"async\" srcset=\"https:\/\/www.stripesarchitects.nl\/nl\/wp-content\/uploads\/2023\/05\/Laren_zorgappartementen-PG-en-Somatiek_Nusantara_01web-1.jpg 1600w, https:\/\/www.stripesarchitects.nl\/nl\/wp-content\/uploads\/2023\/05\/Laren_zorgappartementen-PG-en-Somatiek_Nusantara_01web-1-300x169.jpg 300w, https:\/\/www.stripesarchitects.nl\/nl\/wp-content\/uploads\/2023\/05\/Laren_zorgappartementen-PG-en-Somatiek_Nusantara_01web-1-1024x576.jpg 1024w, https:\/\/www.stripesarchitects.nl\/nl\/wp-content\/uploads\/2023\/05\/Laren_zorgappartementen-PG-en-Somatiek_Nusantara_01web-1-768x432.jpg 768w, https:\/\/www.stripesarchitects.nl\/nl\/wp-content\/uploads\/2023\/05\/Laren_zorgappartementen-PG-en-Somatiek_Nusantara_01web-1-1536x864.jpg 1536w, https:\/\/www.stripesarchitects.nl\/nl\/wp-content\/uploads\/2023\/05\/Laren_zorgappartementen-PG-en-Somatiek_Nusantara_01web-1-700x394.jpg 700w, https:\/\/www.stripesarchitects.nl\/nl\/wp-content\/uploads\/2023\/05\/Laren_zorgappartementen-PG-en-Somatiek_Nusantara_01web-1-539x303.jpg 539w\" sizes=\"(max-width: 1600px) 100vw, 1600px\" \/><\/span>                <\/a>\n\n                <span class='text_holder'>\n    <span class='text_outer'>\n        <span class='text_inner'>\n            <span class='feature_holder'>\n                            <span class=\"feature_holder_icons\">';\n                            <a itemprop='image' class='lightbox qbutton small white' title='zorgappartementen PG en Somatiek Laren' href='https:\/\/www.stripesarchitects.nl\/nl\/wp-content\/uploads\/2023\/05\/Laren_zorgappartementen-PG-en-Somatiek_Nusantara_01web-1.jpg' data-rel='prettyPhoto[pretty_photo_gallery]'>zoom<\/a>\n    \n                            <a itemprop='url' class='preview qbutton small white' href='https:\/\/www.stripesarchitects.nl\/nl\/portfolio_page\/zorgappartementen-pg-somatiek-laren\/' target='_self'>view<\/i><\/a>\n    \n                                            <\/span>\n        <\/span>\n    <\/span>\n<\/span>            <\/div>\n                <div class='portfolio_description ' >\n\n        \n    <h5 itemprop=\"name\" class=\"portfolio_title entry_title\"><a itemprop=\"url\" href=\"https:\/\/www.stripesarchitects.nl\/nl\/portfolio_page\/zorgappartementen-pg-somatiek-laren\/\"  target=\"_self\"> zorgappartementen PG en Somatiek Laren<\/a><\/h5>\n\n\n        \n            <span class=\"project_category\" style=\"color: #ffffff\" >\n    zorg    <\/span>\n\n    <\/div>\n        \n<\/article>\n<article class='mix portfolio_category_15 default' style=''>\n    \n    \n    \n                <div class='image_holder'>\n                <a itemprop='url' class='portfolio_link_for_touch' href='https:\/\/www.stripesarchitects.nl\/nl\/portfolio_page\/seniorenwoningen\/' target=''>\n                    \n<span class='image'><img width=\"1600\" height=\"900\" src=\"https:\/\/www.stripesarchitects.nl\/nl\/wp-content\/uploads\/2023\/06\/Seniorenwoningen_Leunen_03web.jpg\" class=\"attachment-full size-full wp-post-image\" alt=\"\" decoding=\"async\" srcset=\"https:\/\/www.stripesarchitects.nl\/nl\/wp-content\/uploads\/2023\/06\/Seniorenwoningen_Leunen_03web.jpg 1600w, https:\/\/www.stripesarchitects.nl\/nl\/wp-content\/uploads\/2023\/06\/Seniorenwoningen_Leunen_03web-300x169.jpg 300w, https:\/\/www.stripesarchitects.nl\/nl\/wp-content\/uploads\/2023\/06\/Seniorenwoningen_Leunen_03web-1024x576.jpg 1024w, https:\/\/www.stripesarchitects.nl\/nl\/wp-content\/uploads\/2023\/06\/Seniorenwoningen_Leunen_03web-768x432.jpg 768w, https:\/\/www.stripesarchitects.nl\/nl\/wp-content\/uploads\/2023\/06\/Seniorenwoningen_Leunen_03web-1536x864.jpg 1536w, https:\/\/www.stripesarchitects.nl\/nl\/wp-content\/uploads\/2023\/06\/Seniorenwoningen_Leunen_03web-700x394.jpg 700w, https:\/\/www.stripesarchitects.nl\/nl\/wp-content\/uploads\/2023\/06\/Seniorenwoningen_Leunen_03web-539x303.jpg 539w, https:\/\/www.stripesarchitects.nl\/nl\/wp-content\/uploads\/2023\/06\/Seniorenwoningen_Leunen_03web-355x200.jpg 355w\" sizes=\"(max-width: 1600px) 100vw, 1600px\" \/><\/span>                <\/a>\n\n                <span class='text_holder'>\n    <span class='text_outer'>\n        <span class='text_inner'>\n            <span class='feature_holder'>\n                            <span class=\"feature_holder_icons\">';\n                            <a itemprop='image' class='lightbox qbutton small white' title='seniorenwoningen Leunen' href='https:\/\/www.stripesarchitects.nl\/nl\/wp-content\/uploads\/2023\/06\/Seniorenwoningen_Leunen_03web.jpg' data-rel='prettyPhoto[pretty_photo_gallery]'>zoom<\/a>\n    \n                            <a itemprop='url' class='preview qbutton small white' href='https:\/\/www.stripesarchitects.nl\/nl\/portfolio_page\/seniorenwoningen\/' target='_self'>view<\/i><\/a>\n    \n                                            <\/span>\n        <\/span>\n    <\/span>\n<\/span>            <\/div>\n                <div class='portfolio_description ' >\n\n        \n    <h5 itemprop=\"name\" class=\"portfolio_title entry_title\"><a itemprop=\"url\" href=\"https:\/\/www.stripesarchitects.nl\/nl\/portfolio_page\/seniorenwoningen\/\"  target=\"_self\"> seniorenwoningen Leunen<\/a><\/h5>\n\n\n        \n            <span class=\"project_category\" style=\"color: #ffffff\" >\n    wonen    <\/span>\n\n    <\/div>\n        \n<\/article>\n<article class='mix portfolio_category_19 default' style=''>\n    \n    \n    \n                <div class='image_holder'>\n                <a itemprop='url' class='portfolio_link_for_touch' href='https:\/\/www.stripesarchitects.nl\/nl\/portfolio_page\/glp-dc2-distributiecentrum-te-venray\/' target=''>\n                    \n<span class='image'><img width=\"1600\" height=\"900\" src=\"https:\/\/www.stripesarchitects.nl\/nl\/wp-content\/uploads\/2023\/05\/Venray_distributiecentrum_GLP-DC-2_01web-1.jpg\" class=\"attachment-full size-full wp-post-image\" alt=\"\" decoding=\"async\" srcset=\"https:\/\/www.stripesarchitects.nl\/nl\/wp-content\/uploads\/2023\/05\/Venray_distributiecentrum_GLP-DC-2_01web-1.jpg 1600w, https:\/\/www.stripesarchitects.nl\/nl\/wp-content\/uploads\/2023\/05\/Venray_distributiecentrum_GLP-DC-2_01web-1-300x169.jpg 300w, https:\/\/www.stripesarchitects.nl\/nl\/wp-content\/uploads\/2023\/05\/Venray_distributiecentrum_GLP-DC-2_01web-1-1024x576.jpg 1024w, https:\/\/www.stripesarchitects.nl\/nl\/wp-content\/uploads\/2023\/05\/Venray_distributiecentrum_GLP-DC-2_01web-1-768x432.jpg 768w, https:\/\/www.stripesarchitects.nl\/nl\/wp-content\/uploads\/2023\/05\/Venray_distributiecentrum_GLP-DC-2_01web-1-1536x864.jpg 1536w, https:\/\/www.stripesarchitects.nl\/nl\/wp-content\/uploads\/2023\/05\/Venray_distributiecentrum_GLP-DC-2_01web-1-700x394.jpg 700w, https:\/\/www.stripesarchitects.nl\/nl\/wp-content\/uploads\/2023\/05\/Venray_distributiecentrum_GLP-DC-2_01web-1-539x303.jpg 539w\" sizes=\"(max-width: 1600px) 100vw, 1600px\" \/><\/span>                <\/a>\n\n                <span class='text_holder'>\n    <span class='text_outer'>\n        <span class='text_inner'>\n            <span class='feature_holder'>\n                            <span class=\"feature_holder_icons\">';\n                            <a itemprop='image' class='lightbox qbutton small white' title='GLP DC2 &#8211; distributiecentrum te Venray' href='https:\/\/www.stripesarchitects.nl\/nl\/wp-content\/uploads\/2023\/05\/Venray_distributiecentrum_GLP-DC-2_01web-1.jpg' data-rel='prettyPhoto[pretty_photo_gallery]'>zoom<\/a>\n    \n                            <a itemprop='url' class='preview qbutton small white' href='https:\/\/www.stripesarchitects.nl\/nl\/portfolio_page\/glp-dc2-distributiecentrum-te-venray\/' target='_self'>view<\/i><\/a>\n    \n                                            <\/span>\n        <\/span>\n    <\/span>\n<\/span>            <\/div>\n                <div class='portfolio_description ' >\n\n        \n    <h5 itemprop=\"name\" class=\"portfolio_title entry_title\"><a itemprop=\"url\" href=\"https:\/\/www.stripesarchitects.nl\/nl\/portfolio_page\/glp-dc2-distributiecentrum-te-venray\/\"  target=\"_self\"> GLP DC2 &#8211; distributiecentrum te Venray<\/a><\/h5>\n\n\n        \n            <span class=\"project_category\" style=\"color: #ffffff\" >\n    logistiek    <\/span>\n\n    <\/div>\n        \n<\/article>\n<article class='mix portfolio_category_11 portfolio_category_20 default' style=''>\n    \n    \n    \n                <div class='image_holder'>\n                <a itemprop='url' class='portfolio_link_for_touch' href='https:\/\/www.stripesarchitects.nl\/nl\/portfolio_page\/zorgwoningen-en-werken-eindhoven\/' target=''>\n                    \n<span class='image'><img width=\"1600\" height=\"1050\" src=\"https:\/\/www.stripesarchitects.nl\/nl\/wp-content\/uploads\/2023\/06\/Genneperparken_Eindhoven_zorgwoningen_Zonnehuizen_01web.jpg\" class=\"attachment-full size-full wp-post-image\" alt=\"\" decoding=\"async\" srcset=\"https:\/\/www.stripesarchitects.nl\/nl\/wp-content\/uploads\/2023\/06\/Genneperparken_Eindhoven_zorgwoningen_Zonnehuizen_01web.jpg 1600w, https:\/\/www.stripesarchitects.nl\/nl\/wp-content\/uploads\/2023\/06\/Genneperparken_Eindhoven_zorgwoningen_Zonnehuizen_01web-300x197.jpg 300w, https:\/\/www.stripesarchitects.nl\/nl\/wp-content\/uploads\/2023\/06\/Genneperparken_Eindhoven_zorgwoningen_Zonnehuizen_01web-1024x672.jpg 1024w, https:\/\/www.stripesarchitects.nl\/nl\/wp-content\/uploads\/2023\/06\/Genneperparken_Eindhoven_zorgwoningen_Zonnehuizen_01web-768x504.jpg 768w, https:\/\/www.stripesarchitects.nl\/nl\/wp-content\/uploads\/2023\/06\/Genneperparken_Eindhoven_zorgwoningen_Zonnehuizen_01web-1536x1008.jpg 1536w, https:\/\/www.stripesarchitects.nl\/nl\/wp-content\/uploads\/2023\/06\/Genneperparken_Eindhoven_zorgwoningen_Zonnehuizen_01web-700x459.jpg 700w\" sizes=\"(max-width: 1600px) 100vw, 1600px\" \/><\/span>                <\/a>\n\n                <span class='text_holder'>\n    <span class='text_outer'>\n        <span class='text_inner'>\n            <span class='feature_holder'>\n                            <span class=\"feature_holder_icons\">';\n                            <a itemprop='image' class='lightbox qbutton small white' title='zorgwoningen en werken Eindhoven' href='https:\/\/www.stripesarchitects.nl\/nl\/wp-content\/uploads\/2023\/06\/Genneperparken_Eindhoven_zorgwoningen_Zonnehuizen_01web.jpg' data-rel='prettyPhoto[pretty_photo_gallery]'>zoom<\/a>\n    \n                            <a itemprop='url' class='preview qbutton small white' href='https:\/\/www.stripesarchitects.nl\/nl\/portfolio_page\/zorgwoningen-en-werken-eindhoven\/' target='_self'>view<\/i><\/a>\n    \n                                            <\/span>\n        <\/span>\n    <\/span>\n<\/span>            <\/div>\n                <div class='portfolio_description ' >\n\n        \n    <h5 itemprop=\"name\" class=\"portfolio_title entry_title\"><a itemprop=\"url\" href=\"https:\/\/www.stripesarchitects.nl\/nl\/portfolio_page\/zorgwoningen-en-werken-eindhoven\/\"  target=\"_self\"> zorgwoningen en werken Eindhoven<\/a><\/h5>\n\n\n        \n            <span class=\"project_category\" style=\"color: #ffffff\" >\n    zorg, herbestemming\/ renovatie    <\/span>\n\n    <\/div>\n        \n<\/article>\n<article class='mix portfolio_category_15 default' style=''>\n    \n    \n    \n                <div class='image_holder'>\n                <a itemprop='url' class='portfolio_link_for_touch' href='https:\/\/www.stripesarchitects.nl\/nl\/portfolio_page\/dubbel_woonhuis_roermond\/' target=''>\n                    \n<span class='image'><img width=\"1600\" height=\"900\" src=\"https:\/\/www.stripesarchitects.nl\/nl\/wp-content\/uploads\/2023\/06\/Roermond_dubbel_woonhuis_01web.jpg\" class=\"attachment-full size-full wp-post-image\" alt=\"\" decoding=\"async\" srcset=\"https:\/\/www.stripesarchitects.nl\/nl\/wp-content\/uploads\/2023\/06\/Roermond_dubbel_woonhuis_01web.jpg 1600w, https:\/\/www.stripesarchitects.nl\/nl\/wp-content\/uploads\/2023\/06\/Roermond_dubbel_woonhuis_01web-300x169.jpg 300w, https:\/\/www.stripesarchitects.nl\/nl\/wp-content\/uploads\/2023\/06\/Roermond_dubbel_woonhuis_01web-1024x576.jpg 1024w, https:\/\/www.stripesarchitects.nl\/nl\/wp-content\/uploads\/2023\/06\/Roermond_dubbel_woonhuis_01web-768x432.jpg 768w, https:\/\/www.stripesarchitects.nl\/nl\/wp-content\/uploads\/2023\/06\/Roermond_dubbel_woonhuis_01web-1536x864.jpg 1536w, https:\/\/www.stripesarchitects.nl\/nl\/wp-content\/uploads\/2023\/06\/Roermond_dubbel_woonhuis_01web-700x394.jpg 700w, https:\/\/www.stripesarchitects.nl\/nl\/wp-content\/uploads\/2023\/06\/Roermond_dubbel_woonhuis_01web-539x303.jpg 539w, https:\/\/www.stripesarchitects.nl\/nl\/wp-content\/uploads\/2023\/06\/Roermond_dubbel_woonhuis_01web-355x200.jpg 355w\" sizes=\"(max-width: 1600px) 100vw, 1600px\" \/><\/span>                <\/a>\n\n                <span class='text_holder'>\n    <span class='text_outer'>\n        <span class='text_inner'>\n            <span class='feature_holder'>\n                            <span class=\"feature_holder_icons\">';\n                            <a itemprop='image' class='lightbox qbutton small white' title='dubbel woonhuis Roermond' href='https:\/\/www.stripesarchitects.nl\/nl\/wp-content\/uploads\/2023\/06\/Roermond_dubbel_woonhuis_01web.jpg' data-rel='prettyPhoto[pretty_photo_gallery]'>zoom<\/a>\n    \n                            <a itemprop='url' class='preview qbutton small white' href='https:\/\/www.stripesarchitects.nl\/nl\/portfolio_page\/dubbel_woonhuis_roermond\/' target='_self'>view<\/i><\/a>\n    \n                                            <\/span>\n        <\/span>\n    <\/span>\n<\/span>            <\/div>\n                <div class='portfolio_description ' >\n\n        \n    <h5 itemprop=\"name\" class=\"portfolio_title entry_title\"><a itemprop=\"url\" href=\"https:\/\/www.stripesarchitects.nl\/nl\/portfolio_page\/dubbel_woonhuis_roermond\/\"  target=\"_self\"> dubbel woonhuis Roermond<\/a><\/h5>\n\n\n        \n            <span class=\"project_category\" style=\"color: #ffffff\" >\n    wonen    <\/span>\n\n    <\/div>\n        \n<\/article>\n<article class='mix portfolio_category_19 default' style=''>\n    \n    \n    \n                <div class='image_holder'>\n                <a itemprop='url' class='portfolio_link_for_touch' href='https:\/\/www.stripesarchitects.nl\/nl\/portfolio_page\/glp-dc3-phase2-distributiecentrum-te-venray\/' target=''>\n                    \n<span class='image'><img width=\"1600\" height=\"925\" src=\"https:\/\/www.stripesarchitects.nl\/nl\/wp-content\/uploads\/2023\/05\/Venray_distributiecentrum_GLP-DC3-Phase-2_02web-1.jpg\" class=\"attachment-full size-full wp-post-image\" alt=\"\" decoding=\"async\" srcset=\"https:\/\/www.stripesarchitects.nl\/nl\/wp-content\/uploads\/2023\/05\/Venray_distributiecentrum_GLP-DC3-Phase-2_02web-1.jpg 1600w, https:\/\/www.stripesarchitects.nl\/nl\/wp-content\/uploads\/2023\/05\/Venray_distributiecentrum_GLP-DC3-Phase-2_02web-1-300x173.jpg 300w, https:\/\/www.stripesarchitects.nl\/nl\/wp-content\/uploads\/2023\/05\/Venray_distributiecentrum_GLP-DC3-Phase-2_02web-1-1024x592.jpg 1024w, https:\/\/www.stripesarchitects.nl\/nl\/wp-content\/uploads\/2023\/05\/Venray_distributiecentrum_GLP-DC3-Phase-2_02web-1-768x444.jpg 768w, https:\/\/www.stripesarchitects.nl\/nl\/wp-content\/uploads\/2023\/05\/Venray_distributiecentrum_GLP-DC3-Phase-2_02web-1-1536x888.jpg 1536w, https:\/\/www.stripesarchitects.nl\/nl\/wp-content\/uploads\/2023\/05\/Venray_distributiecentrum_GLP-DC3-Phase-2_02web-1-345x198.jpg 345w, https:\/\/www.stripesarchitects.nl\/nl\/wp-content\/uploads\/2023\/05\/Venray_distributiecentrum_GLP-DC3-Phase-2_02web-1-700x405.jpg 700w\" sizes=\"(max-width: 1600px) 100vw, 1600px\" \/><\/span>                <\/a>\n\n                <span class='text_holder'>\n    <span class='text_outer'>\n        <span class='text_inner'>\n            <span class='feature_holder'>\n                            <span class=\"feature_holder_icons\">';\n                            <a itemprop='image' class='lightbox qbutton small white' title='GLP DC3 Phase 2 &#8211; distributiecentrum te Venray' href='https:\/\/www.stripesarchitects.nl\/nl\/wp-content\/uploads\/2023\/05\/Venray_distributiecentrum_GLP-DC3-Phase-2_02web-1.jpg' data-rel='prettyPhoto[pretty_photo_gallery]'>zoom<\/a>\n    \n                            <a itemprop='url' class='preview qbutton small white' href='https:\/\/www.stripesarchitects.nl\/nl\/portfolio_page\/glp-dc3-phase2-distributiecentrum-te-venray\/' target='_self'>view<\/i><\/a>\n    \n                                            <\/span>\n        <\/span>\n    <\/span>\n<\/span>            <\/div>\n                <div class='portfolio_description ' >\n\n        \n    <h5 itemprop=\"name\" class=\"portfolio_title entry_title\"><a itemprop=\"url\" href=\"https:\/\/www.stripesarchitects.nl\/nl\/portfolio_page\/glp-dc3-phase2-distributiecentrum-te-venray\/\"  target=\"_self\"> GLP DC3 Phase 2 &#8211; distributiecentrum te Venray<\/a><\/h5>\n\n\n        \n            <span class=\"project_category\" style=\"color: #ffffff\" >\n    logistiek    <\/span>\n\n    <\/div>\n        \n<\/article>\n<article class='mix portfolio_category_11 portfolio_category_20 default' style=''>\n    \n    \n    \n                <div class='image_holder'>\n                <a itemprop='url' class='portfolio_link_for_touch' href='https:\/\/www.stripesarchitects.nl\/nl\/portfolio_page\/zorgwoningen-zonnehuizen_heythuysen\/' target=''>\n                    \n<span class='image'><img width=\"1600\" height=\"1049\" src=\"https:\/\/www.stripesarchitects.nl\/nl\/wp-content\/uploads\/2023\/06\/zorgwoningen_Zonnehuizen_Heide_Heythuysen_02web.jpg\" class=\"attachment-full size-full wp-post-image\" alt=\"\" decoding=\"async\" srcset=\"https:\/\/www.stripesarchitects.nl\/nl\/wp-content\/uploads\/2023\/06\/zorgwoningen_Zonnehuizen_Heide_Heythuysen_02web.jpg 1600w, https:\/\/www.stripesarchitects.nl\/nl\/wp-content\/uploads\/2023\/06\/zorgwoningen_Zonnehuizen_Heide_Heythuysen_02web-300x197.jpg 300w, https:\/\/www.stripesarchitects.nl\/nl\/wp-content\/uploads\/2023\/06\/zorgwoningen_Zonnehuizen_Heide_Heythuysen_02web-1024x671.jpg 1024w, https:\/\/www.stripesarchitects.nl\/nl\/wp-content\/uploads\/2023\/06\/zorgwoningen_Zonnehuizen_Heide_Heythuysen_02web-768x504.jpg 768w, https:\/\/www.stripesarchitects.nl\/nl\/wp-content\/uploads\/2023\/06\/zorgwoningen_Zonnehuizen_Heide_Heythuysen_02web-1536x1007.jpg 1536w, https:\/\/www.stripesarchitects.nl\/nl\/wp-content\/uploads\/2023\/06\/zorgwoningen_Zonnehuizen_Heide_Heythuysen_02web-700x459.jpg 700w, https:\/\/www.stripesarchitects.nl\/nl\/wp-content\/uploads\/2023\/06\/zorgwoningen_Zonnehuizen_Heide_Heythuysen_02web-1598x1049.jpg 1598w, https:\/\/www.stripesarchitects.nl\/nl\/wp-content\/uploads\/2023\/06\/zorgwoningen_Zonnehuizen_Heide_Heythuysen_02web-1200x788.jpg 1200w, https:\/\/www.stripesarchitects.nl\/nl\/wp-content\/uploads\/2023\/06\/zorgwoningen_Zonnehuizen_Heide_Heythuysen_02web-620x407.jpg 620w, https:\/\/www.stripesarchitects.nl\/nl\/wp-content\/uploads\/2023\/06\/zorgwoningen_Zonnehuizen_Heide_Heythuysen_02web-400x263.jpg 400w\" sizes=\"(max-width: 1600px) 100vw, 1600px\" \/><\/span>                <\/a>\n\n                <span class='text_holder'>\n    <span class='text_outer'>\n        <span class='text_inner'>\n            <span class='feature_holder'>\n                            <span class=\"feature_holder_icons\">';\n                            <a itemprop='image' class='lightbox qbutton small white' title='zorgwoningen Zonnehuizen Heythuysen' href='https:\/\/www.stripesarchitects.nl\/nl\/wp-content\/uploads\/2023\/06\/zorgwoningen_Zonnehuizen_Heide_Heythuysen_02web.jpg' data-rel='prettyPhoto[pretty_photo_gallery]'>zoom<\/a>\n    \n                            <a itemprop='url' class='preview qbutton small white' href='https:\/\/www.stripesarchitects.nl\/nl\/portfolio_page\/zorgwoningen-zonnehuizen_heythuysen\/' target='_self'>view<\/i><\/a>\n    \n                                            <\/span>\n        <\/span>\n    <\/span>\n<\/span>            <\/div>\n                <div class='portfolio_description ' >\n\n        \n    <h5 itemprop=\"name\" class=\"portfolio_title entry_title\"><a itemprop=\"url\" href=\"https:\/\/www.stripesarchitects.nl\/nl\/portfolio_page\/zorgwoningen-zonnehuizen_heythuysen\/\"  target=\"_self\"> zorgwoningen Zonnehuizen Heythuysen<\/a><\/h5>\n\n\n        \n            <span class=\"project_category\" style=\"color: #ffffff\" >\n    zorg, herbestemming\/ renovatie    <\/span>\n\n    <\/div>\n        \n<\/article>\n<article class='mix portfolio_category_15 default' style=''>\n    \n    \n    \n                <div class='image_holder'>\n                <a itemprop='url' class='portfolio_link_for_touch' href='https:\/\/www.stripesarchitects.nl\/nl\/portfolio_page\/woningen-ravenstein\/' target=''>\n                    \n<span class='image'><img width=\"1600\" height=\"900\" src=\"https:\/\/www.stripesarchitects.nl\/nl\/wp-content\/uploads\/2023\/06\/Ravenstein_woningen-Walstraat_02web.jpg\" class=\"attachment-full size-full wp-post-image\" alt=\"\" decoding=\"async\" srcset=\"https:\/\/www.stripesarchitects.nl\/nl\/wp-content\/uploads\/2023\/06\/Ravenstein_woningen-Walstraat_02web.jpg 1600w, https:\/\/www.stripesarchitects.nl\/nl\/wp-content\/uploads\/2023\/06\/Ravenstein_woningen-Walstraat_02web-300x169.jpg 300w, https:\/\/www.stripesarchitects.nl\/nl\/wp-content\/uploads\/2023\/06\/Ravenstein_woningen-Walstraat_02web-1024x576.jpg 1024w, https:\/\/www.stripesarchitects.nl\/nl\/wp-content\/uploads\/2023\/06\/Ravenstein_woningen-Walstraat_02web-768x432.jpg 768w, https:\/\/www.stripesarchitects.nl\/nl\/wp-content\/uploads\/2023\/06\/Ravenstein_woningen-Walstraat_02web-1536x864.jpg 1536w, https:\/\/www.stripesarchitects.nl\/nl\/wp-content\/uploads\/2023\/06\/Ravenstein_woningen-Walstraat_02web-700x394.jpg 700w, https:\/\/www.stripesarchitects.nl\/nl\/wp-content\/uploads\/2023\/06\/Ravenstein_woningen-Walstraat_02web-539x303.jpg 539w\" sizes=\"(max-width: 1600px) 100vw, 1600px\" \/><\/span>                <\/a>\n\n                <span class='text_holder'>\n    <span class='text_outer'>\n        <span class='text_inner'>\n            <span class='feature_holder'>\n                            <span class=\"feature_holder_icons\">';\n                            <a itemprop='image' class='lightbox qbutton small white' title='woningen Ravenstein Walstraat' href='https:\/\/www.stripesarchitects.nl\/nl\/wp-content\/uploads\/2023\/06\/Ravenstein_woningen-Walstraat_02web.jpg' data-rel='prettyPhoto[pretty_photo_gallery]'>zoom<\/a>\n    \n                            <a itemprop='url' class='preview qbutton small white' href='https:\/\/www.stripesarchitects.nl\/nl\/portfolio_page\/woningen-ravenstein\/' target='_self'>view<\/i><\/a>\n    \n                                            <\/span>\n        <\/span>\n    <\/span>\n<\/span>            <\/div>\n                <div class='portfolio_description ' >\n\n        \n    <h5 itemprop=\"name\" class=\"portfolio_title entry_title\"><a itemprop=\"url\" href=\"https:\/\/www.stripesarchitects.nl\/nl\/portfolio_page\/woningen-ravenstein\/\"  target=\"_self\"> woningen Ravenstein Walstraat<\/a><\/h5>\n\n\n        \n            <span class=\"project_category\" style=\"color: #ffffff\" >\n    wonen    <\/span>\n\n    <\/div>\n        \n<\/article>\n<article class='mix portfolio_category_19 default' style=''>\n    \n    \n    \n                <div class='image_holder'>\n                <a itemprop='url' class='portfolio_link_for_touch' href='https:\/\/www.stripesarchitects.nl\/nl\/portfolio_page\/glp-distributiecentrum-te-lelystad\/' target=''>\n                    \n<span class='image'><img width=\"1600\" height=\"900\" src=\"https:\/\/www.stripesarchitects.nl\/nl\/wp-content\/uploads\/2023\/05\/Lelystad_distributiecentrum_GLP_01web-1.jpg\" class=\"attachment-full size-full wp-post-image\" alt=\"\" decoding=\"async\" srcset=\"https:\/\/www.stripesarchitects.nl\/nl\/wp-content\/uploads\/2023\/05\/Lelystad_distributiecentrum_GLP_01web-1.jpg 1600w, https:\/\/www.stripesarchitects.nl\/nl\/wp-content\/uploads\/2023\/05\/Lelystad_distributiecentrum_GLP_01web-1-300x169.jpg 300w, https:\/\/www.stripesarchitects.nl\/nl\/wp-content\/uploads\/2023\/05\/Lelystad_distributiecentrum_GLP_01web-1-1024x576.jpg 1024w, https:\/\/www.stripesarchitects.nl\/nl\/wp-content\/uploads\/2023\/05\/Lelystad_distributiecentrum_GLP_01web-1-768x432.jpg 768w, https:\/\/www.stripesarchitects.nl\/nl\/wp-content\/uploads\/2023\/05\/Lelystad_distributiecentrum_GLP_01web-1-1536x864.jpg 1536w, https:\/\/www.stripesarchitects.nl\/nl\/wp-content\/uploads\/2023\/05\/Lelystad_distributiecentrum_GLP_01web-1-700x394.jpg 700w, https:\/\/www.stripesarchitects.nl\/nl\/wp-content\/uploads\/2023\/05\/Lelystad_distributiecentrum_GLP_01web-1-539x303.jpg 539w\" sizes=\"(max-width: 1600px) 100vw, 1600px\" \/><\/span>                <\/a>\n\n                <span class='text_holder'>\n    <span class='text_outer'>\n        <span class='text_inner'>\n            <span class='feature_holder'>\n                            <span class=\"feature_holder_icons\">';\n                            <a itemprop='image' class='lightbox qbutton small white' title='GLP &#8211; distributiecentrum te Lelystad' href='https:\/\/www.stripesarchitects.nl\/nl\/wp-content\/uploads\/2023\/05\/Lelystad_distributiecentrum_GLP_01web-1.jpg' data-rel='prettyPhoto[pretty_photo_gallery]'>zoom<\/a>\n    \n                            <a itemprop='url' class='preview qbutton small white' href='https:\/\/www.stripesarchitects.nl\/nl\/portfolio_page\/glp-distributiecentrum-te-lelystad\/' target='_self'>view<\/i><\/a>\n    \n                                            <\/span>\n        <\/span>\n    <\/span>\n<\/span>            <\/div>\n                <div class='portfolio_description ' >\n\n        \n    <h5 itemprop=\"name\" class=\"portfolio_title entry_title\"><a itemprop=\"url\" href=\"https:\/\/www.stripesarchitects.nl\/nl\/portfolio_page\/glp-distributiecentrum-te-lelystad\/\"  target=\"_self\"> GLP &#8211; distributiecentrum te Lelystad<\/a><\/h5>\n\n\n        \n            <span class=\"project_category\" style=\"color: #ffffff\" >\n    logistiek    <\/span>\n\n    <\/div>\n        \n<\/article>\n<article class='mix portfolio_category_15 default' style=''>\n    \n    \n    \n                <div class='image_holder'>\n                <a itemprop='url' class='portfolio_link_for_touch' href='https:\/\/www.stripesarchitects.nl\/nl\/portfolio_page\/vrijstaande-woningen\/' target=''>\n                    \n<span class='image'><img width=\"1600\" height=\"900\" src=\"https:\/\/www.stripesarchitects.nl\/nl\/wp-content\/uploads\/2023\/06\/vrijstaande_woningen_Leunen_01web.jpg\" class=\"attachment-full size-full wp-post-image\" alt=\"\" decoding=\"async\" srcset=\"https:\/\/www.stripesarchitects.nl\/nl\/wp-content\/uploads\/2023\/06\/vrijstaande_woningen_Leunen_01web.jpg 1600w, https:\/\/www.stripesarchitects.nl\/nl\/wp-content\/uploads\/2023\/06\/vrijstaande_woningen_Leunen_01web-300x169.jpg 300w, https:\/\/www.stripesarchitects.nl\/nl\/wp-content\/uploads\/2023\/06\/vrijstaande_woningen_Leunen_01web-1024x576.jpg 1024w, https:\/\/www.stripesarchitects.nl\/nl\/wp-content\/uploads\/2023\/06\/vrijstaande_woningen_Leunen_01web-768x432.jpg 768w, https:\/\/www.stripesarchitects.nl\/nl\/wp-content\/uploads\/2023\/06\/vrijstaande_woningen_Leunen_01web-1536x864.jpg 1536w, https:\/\/www.stripesarchitects.nl\/nl\/wp-content\/uploads\/2023\/06\/vrijstaande_woningen_Leunen_01web-700x394.jpg 700w, https:\/\/www.stripesarchitects.nl\/nl\/wp-content\/uploads\/2023\/06\/vrijstaande_woningen_Leunen_01web-539x303.jpg 539w, https:\/\/www.stripesarchitects.nl\/nl\/wp-content\/uploads\/2023\/06\/vrijstaande_woningen_Leunen_01web-355x200.jpg 355w\" sizes=\"(max-width: 1600px) 100vw, 1600px\" \/><\/span>                <\/a>\n\n                <span class='text_holder'>\n    <span class='text_outer'>\n        <span class='text_inner'>\n            <span class='feature_holder'>\n                            <span class=\"feature_holder_icons\">';\n                            <a itemprop='image' class='lightbox qbutton small white' title='vrijstaande woningen Leunen' href='https:\/\/www.stripesarchitects.nl\/nl\/wp-content\/uploads\/2023\/06\/vrijstaande_woningen_Leunen_01web.jpg' data-rel='prettyPhoto[pretty_photo_gallery]'>zoom<\/a>\n    \n                            <a itemprop='url' class='preview qbutton small white' href='https:\/\/www.stripesarchitects.nl\/nl\/portfolio_page\/vrijstaande-woningen\/' target='_self'>view<\/i><\/a>\n    \n                                            <\/span>\n        <\/span>\n    <\/span>\n<\/span>            <\/div>\n                <div class='portfolio_description ' >\n\n        \n    <h5 itemprop=\"name\" class=\"portfolio_title entry_title\"><a itemprop=\"url\" href=\"https:\/\/www.stripesarchitects.nl\/nl\/portfolio_page\/vrijstaande-woningen\/\"  target=\"_self\"> vrijstaande woningen Leunen<\/a><\/h5>\n\n\n        \n            <span class=\"project_category\" style=\"color: #ffffff\" >\n    wonen    <\/span>\n\n    <\/div>\n        \n<\/article>\n<article class='mix portfolio_category_19 default' style=''>\n    \n    \n    \n                <div class='image_holder'>\n                <a itemprop='url' class='portfolio_link_for_touch' href='https:\/\/www.stripesarchitects.nl\/nl\/portfolio_page\/dc-braak-roosendaal\/' target=''>\n                    \n<span class='image'><img width=\"1600\" height=\"900\" src=\"https:\/\/www.stripesarchitects.nl\/nl\/wp-content\/uploads\/2023\/06\/Roosendaal_Distributiecentrum_DC-Braak_01web.jpg\" class=\"attachment-full size-full wp-post-image\" alt=\"\" decoding=\"async\" srcset=\"https:\/\/www.stripesarchitects.nl\/nl\/wp-content\/uploads\/2023\/06\/Roosendaal_Distributiecentrum_DC-Braak_01web.jpg 1600w, https:\/\/www.stripesarchitects.nl\/nl\/wp-content\/uploads\/2023\/06\/Roosendaal_Distributiecentrum_DC-Braak_01web-300x169.jpg 300w, https:\/\/www.stripesarchitects.nl\/nl\/wp-content\/uploads\/2023\/06\/Roosendaal_Distributiecentrum_DC-Braak_01web-1024x576.jpg 1024w, https:\/\/www.stripesarchitects.nl\/nl\/wp-content\/uploads\/2023\/06\/Roosendaal_Distributiecentrum_DC-Braak_01web-768x432.jpg 768w, https:\/\/www.stripesarchitects.nl\/nl\/wp-content\/uploads\/2023\/06\/Roosendaal_Distributiecentrum_DC-Braak_01web-1536x864.jpg 1536w, https:\/\/www.stripesarchitects.nl\/nl\/wp-content\/uploads\/2023\/06\/Roosendaal_Distributiecentrum_DC-Braak_01web-700x394.jpg 700w, https:\/\/www.stripesarchitects.nl\/nl\/wp-content\/uploads\/2023\/06\/Roosendaal_Distributiecentrum_DC-Braak_01web-539x303.jpg 539w, https:\/\/www.stripesarchitects.nl\/nl\/wp-content\/uploads\/2023\/06\/Roosendaal_Distributiecentrum_DC-Braak_01web-355x200.jpg 355w\" sizes=\"(max-width: 1600px) 100vw, 1600px\" \/><\/span>                <\/a>\n\n                <span class='text_holder'>\n    <span class='text_outer'>\n        <span class='text_inner'>\n            <span class='feature_holder'>\n                            <span class=\"feature_holder_icons\">';\n                            <a itemprop='image' class='lightbox qbutton small white' title='DC Braak Roosendaal' href='https:\/\/www.stripesarchitects.nl\/nl\/wp-content\/uploads\/2023\/06\/Roosendaal_Distributiecentrum_DC-Braak_01web.jpg' data-rel='prettyPhoto[pretty_photo_gallery]'>zoom<\/a>\n    \n                            <a itemprop='url' class='preview qbutton small white' href='https:\/\/www.stripesarchitects.nl\/nl\/portfolio_page\/dc-braak-roosendaal\/' target='_self'>view<\/i><\/a>\n    \n                                            <\/span>\n        <\/span>\n    <\/span>\n<\/span>            <\/div>\n                <div class='portfolio_description ' >\n\n        \n    <h5 itemprop=\"name\" class=\"portfolio_title entry_title\"><a itemprop=\"url\" href=\"https:\/\/www.stripesarchitects.nl\/nl\/portfolio_page\/dc-braak-roosendaal\/\"  target=\"_self\"> DC Braak Roosendaal<\/a><\/h5>\n\n\n        \n            <span class=\"project_category\" style=\"color: #ffffff\" >\n    logistiek    <\/span>\n\n    <\/div>\n        \n<\/article>\n<article class='mix portfolio_category_11 portfolio_category_20 default' style=''>\n    \n    \n    \n                <div class='image_holder'>\n                <a itemprop='url' class='portfolio_link_for_touch' href='https:\/\/www.stripesarchitects.nl\/nl\/portfolio_page\/medisch-centrum-de-wieenhof-venray\/' target=''>\n                    \n<span class='image'><img width=\"1600\" height=\"900\" src=\"https:\/\/www.stripesarchitects.nl\/nl\/wp-content\/uploads\/2023\/06\/Wieenhof_Medisch-centrum_Venray_01web.jpg\" class=\"attachment-full size-full wp-post-image\" alt=\"\" decoding=\"async\" srcset=\"https:\/\/www.stripesarchitects.nl\/nl\/wp-content\/uploads\/2023\/06\/Wieenhof_Medisch-centrum_Venray_01web.jpg 1600w, https:\/\/www.stripesarchitects.nl\/nl\/wp-content\/uploads\/2023\/06\/Wieenhof_Medisch-centrum_Venray_01web-300x169.jpg 300w, https:\/\/www.stripesarchitects.nl\/nl\/wp-content\/uploads\/2023\/06\/Wieenhof_Medisch-centrum_Venray_01web-1024x576.jpg 1024w, https:\/\/www.stripesarchitects.nl\/nl\/wp-content\/uploads\/2023\/06\/Wieenhof_Medisch-centrum_Venray_01web-768x432.jpg 768w, https:\/\/www.stripesarchitects.nl\/nl\/wp-content\/uploads\/2023\/06\/Wieenhof_Medisch-centrum_Venray_01web-1536x864.jpg 1536w, https:\/\/www.stripesarchitects.nl\/nl\/wp-content\/uploads\/2023\/06\/Wieenhof_Medisch-centrum_Venray_01web-700x394.jpg 700w, https:\/\/www.stripesarchitects.nl\/nl\/wp-content\/uploads\/2023\/06\/Wieenhof_Medisch-centrum_Venray_01web-539x303.jpg 539w, https:\/\/www.stripesarchitects.nl\/nl\/wp-content\/uploads\/2023\/06\/Wieenhof_Medisch-centrum_Venray_01web-355x200.jpg 355w\" sizes=\"(max-width: 1600px) 100vw, 1600px\" \/><\/span>                <\/a>\n\n                <span class='text_holder'>\n    <span class='text_outer'>\n        <span class='text_inner'>\n            <span class='feature_holder'>\n                            <span class=\"feature_holder_icons\">';\n                            <a itemprop='image' class='lightbox qbutton small white' title='Medisch Centrum de Wi\u00ebenhof Venray' href='https:\/\/www.stripesarchitects.nl\/nl\/wp-content\/uploads\/2023\/06\/Wieenhof_Medisch-centrum_Venray_01web.jpg' data-rel='prettyPhoto[pretty_photo_gallery]'>zoom<\/a>\n    \n                            <a itemprop='url' class='preview qbutton small white' href='https:\/\/www.stripesarchitects.nl\/nl\/portfolio_page\/medisch-centrum-de-wieenhof-venray\/' target='_self'>view<\/i><\/a>\n    \n                                            <\/span>\n        <\/span>\n    <\/span>\n<\/span>            <\/div>\n                <div class='portfolio_description ' >\n\n        \n    <h5 itemprop=\"name\" class=\"portfolio_title entry_title\"><a itemprop=\"url\" href=\"https:\/\/www.stripesarchitects.nl\/nl\/portfolio_page\/medisch-centrum-de-wieenhof-venray\/\"  target=\"_self\"> Medisch Centrum de Wi\u00ebenhof Venray<\/a><\/h5>\n\n\n        \n            <span class=\"project_category\" style=\"color: #ffffff\" >\n    zorg, herbestemming\/ renovatie    <\/span>\n\n    <\/div>\n        \n<\/article>\n<article class='mix portfolio_category_16 default' style=''>\n    \n    \n    \n                <div class='image_holder'>\n                <a itemprop='url' class='portfolio_link_for_touch' href='https:\/\/www.stripesarchitects.nl\/nl\/portfolio_page\/eurobox_self_storage-breda\/' target=''>\n                    \n<span class='image'><img width=\"1600\" height=\"900\" src=\"https:\/\/www.stripesarchitects.nl\/nl\/wp-content\/uploads\/2023\/06\/Eurobox-Self-Storage_Breda_02web.jpg\" class=\"attachment-full size-full wp-post-image\" alt=\"\" decoding=\"async\" srcset=\"https:\/\/www.stripesarchitects.nl\/nl\/wp-content\/uploads\/2023\/06\/Eurobox-Self-Storage_Breda_02web.jpg 1600w, https:\/\/www.stripesarchitects.nl\/nl\/wp-content\/uploads\/2023\/06\/Eurobox-Self-Storage_Breda_02web-300x169.jpg 300w, https:\/\/www.stripesarchitects.nl\/nl\/wp-content\/uploads\/2023\/06\/Eurobox-Self-Storage_Breda_02web-1024x576.jpg 1024w, https:\/\/www.stripesarchitects.nl\/nl\/wp-content\/uploads\/2023\/06\/Eurobox-Self-Storage_Breda_02web-768x432.jpg 768w, https:\/\/www.stripesarchitects.nl\/nl\/wp-content\/uploads\/2023\/06\/Eurobox-Self-Storage_Breda_02web-1536x864.jpg 1536w, https:\/\/www.stripesarchitects.nl\/nl\/wp-content\/uploads\/2023\/06\/Eurobox-Self-Storage_Breda_02web-700x394.jpg 700w, https:\/\/www.stripesarchitects.nl\/nl\/wp-content\/uploads\/2023\/06\/Eurobox-Self-Storage_Breda_02web-539x303.jpg 539w\" sizes=\"(max-width: 1600px) 100vw, 1600px\" \/><\/span>                <\/a>\n\n                <span class='text_holder'>\n    <span class='text_outer'>\n        <span class='text_inner'>\n            <span class='feature_holder'>\n                            <span class=\"feature_holder_icons\">';\n                            <a itemprop='image' class='lightbox qbutton small white' title='Eurobox Self Storage te Breda' href='https:\/\/www.stripesarchitects.nl\/nl\/wp-content\/uploads\/2023\/06\/Eurobox-Self-Storage_Breda_02web.jpg' data-rel='prettyPhoto[pretty_photo_gallery]'>zoom<\/a>\n    \n                            <a itemprop='url' class='preview qbutton small white' href='https:\/\/www.stripesarchitects.nl\/nl\/portfolio_page\/eurobox_self_storage-breda\/' target='_self'>view<\/i><\/a>\n    \n                                            <\/span>\n        <\/span>\n    <\/span>\n<\/span>            <\/div>\n                <div class='portfolio_description ' >\n\n        \n    <h5 itemprop=\"name\" class=\"portfolio_title entry_title\"><a itemprop=\"url\" href=\"https:\/\/www.stripesarchitects.nl\/nl\/portfolio_page\/eurobox_self_storage-breda\/\"  target=\"_self\"> Eurobox Self Storage te Breda<\/a><\/h5>\n\n\n        \n            <span class=\"project_category\" style=\"color: #ffffff\" >\n    utiliteit    <\/span>\n\n    <\/div>\n        \n<\/article>\n<article class='mix portfolio_category_15 default' style=''>\n    \n    \n    \n                <div class='image_holder'>\n                <a itemprop='url' class='portfolio_link_for_touch' href='https:\/\/www.stripesarchitects.nl\/nl\/portfolio_page\/appartementen-leerdam\/' target=''>\n                    \n<span class='image'><img width=\"1600\" height=\"1200\" src=\"https:\/\/www.stripesarchitects.nl\/nl\/wp-content\/uploads\/2023\/06\/appartementen_Recht-van-Ter-Leede-Leerdam_03web.jpg\" class=\"attachment-full size-full wp-post-image\" alt=\"\" decoding=\"async\" srcset=\"https:\/\/www.stripesarchitects.nl\/nl\/wp-content\/uploads\/2023\/06\/appartementen_Recht-van-Ter-Leede-Leerdam_03web.jpg 1600w, https:\/\/www.stripesarchitects.nl\/nl\/wp-content\/uploads\/2023\/06\/appartementen_Recht-van-Ter-Leede-Leerdam_03web-300x225.jpg 300w, https:\/\/www.stripesarchitects.nl\/nl\/wp-content\/uploads\/2023\/06\/appartementen_Recht-van-Ter-Leede-Leerdam_03web-1024x768.jpg 1024w, https:\/\/www.stripesarchitects.nl\/nl\/wp-content\/uploads\/2023\/06\/appartementen_Recht-van-Ter-Leede-Leerdam_03web-768x576.jpg 768w, https:\/\/www.stripesarchitects.nl\/nl\/wp-content\/uploads\/2023\/06\/appartementen_Recht-van-Ter-Leede-Leerdam_03web-1536x1152.jpg 1536w, https:\/\/www.stripesarchitects.nl\/nl\/wp-content\/uploads\/2023\/06\/appartementen_Recht-van-Ter-Leede-Leerdam_03web-800x600.jpg 800w, https:\/\/www.stripesarchitects.nl\/nl\/wp-content\/uploads\/2023\/06\/appartementen_Recht-van-Ter-Leede-Leerdam_03web-700x525.jpg 700w\" sizes=\"(max-width: 1600px) 100vw, 1600px\" \/><\/span>                <\/a>\n\n                <span class='text_holder'>\n    <span class='text_outer'>\n        <span class='text_inner'>\n            <span class='feature_holder'>\n                            <span class=\"feature_holder_icons\">';\n                            <a itemprop='image' class='lightbox qbutton small white' title='appartementen Leerdam' href='https:\/\/www.stripesarchitects.nl\/nl\/wp-content\/uploads\/2023\/06\/appartementen_Recht-van-Ter-Leede-Leerdam_03web.jpg' data-rel='prettyPhoto[pretty_photo_gallery]'>zoom<\/a>\n    \n                            <a itemprop='url' class='preview qbutton small white' href='https:\/\/www.stripesarchitects.nl\/nl\/portfolio_page\/appartementen-leerdam\/' target='_self'>view<\/i><\/a>\n    \n                                            <\/span>\n        <\/span>\n    <\/span>\n<\/span>            <\/div>\n                <div class='portfolio_description ' >\n\n        \n    <h5 itemprop=\"name\" class=\"portfolio_title entry_title\"><a itemprop=\"url\" href=\"https:\/\/www.stripesarchitects.nl\/nl\/portfolio_page\/appartementen-leerdam\/\"  target=\"_self\"> appartementen Leerdam<\/a><\/h5>\n\n\n        \n            <span class=\"project_category\" style=\"color: #ffffff\" >\n    wonen    <\/span>\n\n    <\/div>\n        \n<\/article>\n<article class='mix portfolio_category_19 default' style=''>\n    \n    \n    \n                <div class='image_holder'>\n                <a itemprop='url' class='portfolio_link_for_touch' href='https:\/\/www.stripesarchitects.nl\/nl\/portfolio_page\/campus-a58-distributiecentrum-te-roosendaal\/' target=''>\n                    \n<span class='image'><img width=\"1600\" height=\"900\" src=\"https:\/\/www.stripesarchitects.nl\/nl\/wp-content\/uploads\/2023\/05\/Roosendaal_Campus-A58_distributiecentrum_02web.jpg\" class=\"attachment-full size-full wp-post-image\" alt=\"\" decoding=\"async\" srcset=\"https:\/\/www.stripesarchitects.nl\/nl\/wp-content\/uploads\/2023\/05\/Roosendaal_Campus-A58_distributiecentrum_02web.jpg 1600w, https:\/\/www.stripesarchitects.nl\/nl\/wp-content\/uploads\/2023\/05\/Roosendaal_Campus-A58_distributiecentrum_02web-300x169.jpg 300w, https:\/\/www.stripesarchitects.nl\/nl\/wp-content\/uploads\/2023\/05\/Roosendaal_Campus-A58_distributiecentrum_02web-1024x576.jpg 1024w, https:\/\/www.stripesarchitects.nl\/nl\/wp-content\/uploads\/2023\/05\/Roosendaal_Campus-A58_distributiecentrum_02web-768x432.jpg 768w, https:\/\/www.stripesarchitects.nl\/nl\/wp-content\/uploads\/2023\/05\/Roosendaal_Campus-A58_distributiecentrum_02web-1536x864.jpg 1536w, https:\/\/www.stripesarchitects.nl\/nl\/wp-content\/uploads\/2023\/05\/Roosendaal_Campus-A58_distributiecentrum_02web-700x394.jpg 700w, https:\/\/www.stripesarchitects.nl\/nl\/wp-content\/uploads\/2023\/05\/Roosendaal_Campus-A58_distributiecentrum_02web-539x303.jpg 539w\" sizes=\"(max-width: 1600px) 100vw, 1600px\" \/><\/span>                <\/a>\n\n                <span class='text_holder'>\n    <span class='text_outer'>\n        <span class='text_inner'>\n            <span class='feature_holder'>\n                            <span class=\"feature_holder_icons\">';\n                            <a itemprop='image' class='lightbox qbutton small white' title='Campus A58 &#8211; distributiecentrum te Roosendaal' href='https:\/\/www.stripesarchitects.nl\/nl\/wp-content\/uploads\/2023\/05\/Roosendaal_Campus-A58_distributiecentrum_02web.jpg' data-rel='prettyPhoto[pretty_photo_gallery]'>zoom<\/a>\n    \n                            <a itemprop='url' class='preview qbutton small white' href='https:\/\/www.stripesarchitects.nl\/nl\/portfolio_page\/campus-a58-distributiecentrum-te-roosendaal\/' target='_self'>view<\/i><\/a>\n    \n                                            <\/span>\n        <\/span>\n    <\/span>\n<\/span>            <\/div>\n                <div class='portfolio_description ' >\n\n        \n    <h5 itemprop=\"name\" class=\"portfolio_title entry_title\"><a itemprop=\"url\" href=\"https:\/\/www.stripesarchitects.nl\/nl\/portfolio_page\/campus-a58-distributiecentrum-te-roosendaal\/\"  target=\"_self\"> Campus A58 &#8211; distributiecentrum te Roosendaal<\/a><\/h5>\n\n\n        \n            <span class=\"project_category\" style=\"color: #ffffff\" >\n    logistiek    <\/span>\n\n    <\/div>\n        \n<\/article>\n<article class='mix portfolio_category_11 portfolio_category_16 portfolio_category_20 default' style=''>\n    \n    \n    \n                <div class='image_holder'>\n                <a itemprop='url' class='portfolio_link_for_touch' href='https:\/\/www.stripesarchitects.nl\/nl\/portfolio_page\/kantoor-en-tandartsenpraktijk-venray\/' target=''>\n                    \n<span class='image'><img width=\"1600\" height=\"900\" src=\"https:\/\/www.stripesarchitects.nl\/nl\/wp-content\/uploads\/2023\/06\/verbouw_kantoor_tandartsenpraktijk_Venray_01web-1.jpg\" class=\"attachment-full size-full wp-post-image\" alt=\"\" decoding=\"async\" srcset=\"https:\/\/www.stripesarchitects.nl\/nl\/wp-content\/uploads\/2023\/06\/verbouw_kantoor_tandartsenpraktijk_Venray_01web-1.jpg 1600w, https:\/\/www.stripesarchitects.nl\/nl\/wp-content\/uploads\/2023\/06\/verbouw_kantoor_tandartsenpraktijk_Venray_01web-1-300x169.jpg 300w, https:\/\/www.stripesarchitects.nl\/nl\/wp-content\/uploads\/2023\/06\/verbouw_kantoor_tandartsenpraktijk_Venray_01web-1-1024x576.jpg 1024w, https:\/\/www.stripesarchitects.nl\/nl\/wp-content\/uploads\/2023\/06\/verbouw_kantoor_tandartsenpraktijk_Venray_01web-1-768x432.jpg 768w, https:\/\/www.stripesarchitects.nl\/nl\/wp-content\/uploads\/2023\/06\/verbouw_kantoor_tandartsenpraktijk_Venray_01web-1-1536x864.jpg 1536w, https:\/\/www.stripesarchitects.nl\/nl\/wp-content\/uploads\/2023\/06\/verbouw_kantoor_tandartsenpraktijk_Venray_01web-1-700x394.jpg 700w, https:\/\/www.stripesarchitects.nl\/nl\/wp-content\/uploads\/2023\/06\/verbouw_kantoor_tandartsenpraktijk_Venray_01web-1-539x303.jpg 539w, https:\/\/www.stripesarchitects.nl\/nl\/wp-content\/uploads\/2023\/06\/verbouw_kantoor_tandartsenpraktijk_Venray_01web-1-355x200.jpg 355w\" sizes=\"(max-width: 1600px) 100vw, 1600px\" \/><\/span>                <\/a>\n\n                <span class='text_holder'>\n    <span class='text_outer'>\n        <span class='text_inner'>\n            <span class='feature_holder'>\n                            <span class=\"feature_holder_icons\">';\n                            <a itemprop='image' class='lightbox qbutton small white' title='kantoor ReintjesAdvies en tandartspraktijk de Brier Venray' href='https:\/\/www.stripesarchitects.nl\/nl\/wp-content\/uploads\/2023\/06\/verbouw_kantoor_tandartsenpraktijk_Venray_01web-1.jpg' data-rel='prettyPhoto[pretty_photo_gallery]'>zoom<\/a>\n    \n                            <a itemprop='url' class='preview qbutton small white' href='https:\/\/www.stripesarchitects.nl\/nl\/portfolio_page\/kantoor-en-tandartsenpraktijk-venray\/' target='_self'>view<\/i><\/a>\n    \n                                            <\/span>\n        <\/span>\n    <\/span>\n<\/span>            <\/div>\n                <div class='portfolio_description ' >\n\n        \n    <h5 itemprop=\"name\" class=\"portfolio_title entry_title\"><a itemprop=\"url\" href=\"https:\/\/www.stripesarchitects.nl\/nl\/portfolio_page\/kantoor-en-tandartsenpraktijk-venray\/\"  target=\"_self\"> kantoor ReintjesAdvies en tandartspraktijk de Brier Venray<\/a><\/h5>\n\n\n        \n            <span class=\"project_category\" style=\"color: #ffffff\" >\n    zorg, utiliteit, herbestemming\/ renovatie    <\/span>\n\n    <\/div>\n        \n<\/article>\n<article class='mix portfolio_category_15 default' style=''>\n    \n    \n    \n                <div class='image_holder'>\n                <a itemprop='url' class='portfolio_link_for_touch' href='https:\/\/www.stripesarchitects.nl\/nl\/portfolio_page\/woonhuis-leunen\/' target=''>\n                    \n<span class='image'><img width=\"1600\" height=\"900\" src=\"https:\/\/www.stripesarchitects.nl\/nl\/wp-content\/uploads\/2023\/06\/woning_Leunen_01web.jpg\" class=\"attachment-full size-full wp-post-image\" alt=\"\" decoding=\"async\" srcset=\"https:\/\/www.stripesarchitects.nl\/nl\/wp-content\/uploads\/2023\/06\/woning_Leunen_01web.jpg 1600w, https:\/\/www.stripesarchitects.nl\/nl\/wp-content\/uploads\/2023\/06\/woning_Leunen_01web-300x169.jpg 300w, https:\/\/www.stripesarchitects.nl\/nl\/wp-content\/uploads\/2023\/06\/woning_Leunen_01web-1024x576.jpg 1024w, https:\/\/www.stripesarchitects.nl\/nl\/wp-content\/uploads\/2023\/06\/woning_Leunen_01web-768x432.jpg 768w, https:\/\/www.stripesarchitects.nl\/nl\/wp-content\/uploads\/2023\/06\/woning_Leunen_01web-1536x864.jpg 1536w, https:\/\/www.stripesarchitects.nl\/nl\/wp-content\/uploads\/2023\/06\/woning_Leunen_01web-700x394.jpg 700w, https:\/\/www.stripesarchitects.nl\/nl\/wp-content\/uploads\/2023\/06\/woning_Leunen_01web-539x303.jpg 539w, https:\/\/www.stripesarchitects.nl\/nl\/wp-content\/uploads\/2023\/06\/woning_Leunen_01web-355x200.jpg 355w\" sizes=\"(max-width: 1600px) 100vw, 1600px\" \/><\/span>                <\/a>\n\n                <span class='text_holder'>\n    <span class='text_outer'>\n        <span class='text_inner'>\n            <span class='feature_holder'>\n                            <span class=\"feature_holder_icons\">';\n                            <a itemprop='image' class='lightbox qbutton small white' title='particulier woonhuis Leunen' href='https:\/\/www.stripesarchitects.nl\/nl\/wp-content\/uploads\/2023\/06\/woning_Leunen_01web.jpg' data-rel='prettyPhoto[pretty_photo_gallery]'>zoom<\/a>\n    \n                            <a itemprop='url' class='preview qbutton small white' href='https:\/\/www.stripesarchitects.nl\/nl\/portfolio_page\/woonhuis-leunen\/' target='_self'>view<\/i><\/a>\n    \n                                            <\/span>\n        <\/span>\n    <\/span>\n<\/span>            <\/div>\n                <div class='portfolio_description ' >\n\n        \n    <h5 itemprop=\"name\" class=\"portfolio_title entry_title\"><a itemprop=\"url\" href=\"https:\/\/www.stripesarchitects.nl\/nl\/portfolio_page\/woonhuis-leunen\/\"  target=\"_self\"> particulier woonhuis Leunen<\/a><\/h5>\n\n\n        \n            <span class=\"project_category\" style=\"color: #ffffff\" >\n    wonen    <\/span>\n\n    <\/div>\n        \n<\/article>\n<article class='mix portfolio_category_19 portfolio_category_40 default' style=''>\n    \n    \n    \n                <div class='image_holder'>\n                <a itemprop='url' class='portfolio_link_for_touch' href='https:\/\/www.stripesarchitects.nl\/nl\/portfolio_page\/dc-widem-distributiecentrum-te-horselberg-hainich\/' target=''>\n                    \n<span class='image'><img width=\"1600\" height=\"900\" src=\"https:\/\/www.stripesarchitects.nl\/nl\/wp-content\/uploads\/2023\/05\/Distributiecentrum_Horselberg-Hainich_WIDEM-Logistics_05web.jpg\" class=\"attachment-full size-full wp-post-image\" alt=\"\" decoding=\"async\" srcset=\"https:\/\/www.stripesarchitects.nl\/nl\/wp-content\/uploads\/2023\/05\/Distributiecentrum_Horselberg-Hainich_WIDEM-Logistics_05web.jpg 1600w, https:\/\/www.stripesarchitects.nl\/nl\/wp-content\/uploads\/2023\/05\/Distributiecentrum_Horselberg-Hainich_WIDEM-Logistics_05web-300x169.jpg 300w, https:\/\/www.stripesarchitects.nl\/nl\/wp-content\/uploads\/2023\/05\/Distributiecentrum_Horselberg-Hainich_WIDEM-Logistics_05web-1024x576.jpg 1024w, https:\/\/www.stripesarchitects.nl\/nl\/wp-content\/uploads\/2023\/05\/Distributiecentrum_Horselberg-Hainich_WIDEM-Logistics_05web-768x432.jpg 768w, https:\/\/www.stripesarchitects.nl\/nl\/wp-content\/uploads\/2023\/05\/Distributiecentrum_Horselberg-Hainich_WIDEM-Logistics_05web-1536x864.jpg 1536w, https:\/\/www.stripesarchitects.nl\/nl\/wp-content\/uploads\/2023\/05\/Distributiecentrum_Horselberg-Hainich_WIDEM-Logistics_05web-700x394.jpg 700w, https:\/\/www.stripesarchitects.nl\/nl\/wp-content\/uploads\/2023\/05\/Distributiecentrum_Horselberg-Hainich_WIDEM-Logistics_05web-539x303.jpg 539w\" sizes=\"(max-width: 1600px) 100vw, 1600px\" \/><\/span>                <\/a>\n\n                <span class='text_holder'>\n    <span class='text_outer'>\n        <span class='text_inner'>\n            <span class='feature_holder'>\n                            <span class=\"feature_holder_icons\">';\n                            <a itemprop='image' class='lightbox qbutton small white' title='DC Widem Logistics te H\u00f6rselberg-Hainich (D) &#8211; Design + Genehmigungsplanung' href='https:\/\/www.stripesarchitects.nl\/nl\/wp-content\/uploads\/2023\/05\/Distributiecentrum_Horselberg-Hainich_WIDEM-Logistics_05web.jpg' data-rel='prettyPhoto[pretty_photo_gallery]'>zoom<\/a>\n    \n                            <a itemprop='url' class='preview qbutton small white' href='https:\/\/www.stripesarchitects.nl\/nl\/portfolio_page\/dc-widem-distributiecentrum-te-horselberg-hainich\/' target='_self'>view<\/i><\/a>\n    \n                                            <\/span>\n        <\/span>\n    <\/span>\n<\/span>            <\/div>\n                <div class='portfolio_description ' >\n\n        \n    <h5 itemprop=\"name\" class=\"portfolio_title entry_title\"><a itemprop=\"url\" href=\"https:\/\/www.stripesarchitects.nl\/nl\/portfolio_page\/dc-widem-distributiecentrum-te-horselberg-hainich\/\"  target=\"_self\"> DC Widem Logistics te H\u00f6rselberg-Hainich (D) &#8211; Design + Genehmigungsplanung<\/a><\/h5>\n\n\n        \n            <span class=\"project_category\" style=\"color: #ffffff\" >\n    logistiek, Duitsland    <\/span>\n\n    <\/div>\n        \n<\/article>\n<article class='mix portfolio_category_11 default' style=''>\n    \n    \n    \n                <div class='image_holder'>\n                <a itemprop='url' class='portfolio_link_for_touch' href='https:\/\/www.stripesarchitects.nl\/nl\/portfolio_page\/zorgwoningen-willemshaven-oss\/' target=''>\n                    \n<span class='image'><img width=\"1600\" height=\"950\" src=\"https:\/\/www.stripesarchitects.nl\/nl\/wp-content\/uploads\/2023\/06\/Willemshaven_zorgwoningen_Dichterbij_Oss_01web.jpg\" class=\"attachment-full size-full wp-post-image\" alt=\"\" decoding=\"async\" srcset=\"https:\/\/www.stripesarchitects.nl\/nl\/wp-content\/uploads\/2023\/06\/Willemshaven_zorgwoningen_Dichterbij_Oss_01web.jpg 1600w, https:\/\/www.stripesarchitects.nl\/nl\/wp-content\/uploads\/2023\/06\/Willemshaven_zorgwoningen_Dichterbij_Oss_01web-300x178.jpg 300w, https:\/\/www.stripesarchitects.nl\/nl\/wp-content\/uploads\/2023\/06\/Willemshaven_zorgwoningen_Dichterbij_Oss_01web-1024x608.jpg 1024w, https:\/\/www.stripesarchitects.nl\/nl\/wp-content\/uploads\/2023\/06\/Willemshaven_zorgwoningen_Dichterbij_Oss_01web-768x456.jpg 768w, https:\/\/www.stripesarchitects.nl\/nl\/wp-content\/uploads\/2023\/06\/Willemshaven_zorgwoningen_Dichterbij_Oss_01web-1536x912.jpg 1536w, https:\/\/www.stripesarchitects.nl\/nl\/wp-content\/uploads\/2023\/06\/Willemshaven_zorgwoningen_Dichterbij_Oss_01web-700x416.jpg 700w\" sizes=\"(max-width: 1600px) 100vw, 1600px\" \/><\/span>                <\/a>\n\n                <span class='text_holder'>\n    <span class='text_outer'>\n        <span class='text_inner'>\n            <span class='feature_holder'>\n                            <span class=\"feature_holder_icons\">';\n                            <a itemprop='image' class='lightbox qbutton small white' title='zorgwoningen Willemshaven Oss' href='https:\/\/www.stripesarchitects.nl\/nl\/wp-content\/uploads\/2023\/06\/Willemshaven_zorgwoningen_Dichterbij_Oss_01web.jpg' data-rel='prettyPhoto[pretty_photo_gallery]'>zoom<\/a>\n    \n                            <a itemprop='url' class='preview qbutton small white' href='https:\/\/www.stripesarchitects.nl\/nl\/portfolio_page\/zorgwoningen-willemshaven-oss\/' target='_self'>view<\/i><\/a>\n    \n                                            <\/span>\n        <\/span>\n    <\/span>\n<\/span>            <\/div>\n                <div class='portfolio_description ' >\n\n        \n    <h5 itemprop=\"name\" class=\"portfolio_title entry_title\"><a itemprop=\"url\" href=\"https:\/\/www.stripesarchitects.nl\/nl\/portfolio_page\/zorgwoningen-willemshaven-oss\/\"  target=\"_self\"> zorgwoningen Willemshaven Oss<\/a><\/h5>\n\n\n        \n            <span class=\"project_category\" style=\"color: #ffffff\" >\n    zorg    <\/span>\n\n    <\/div>\n        \n<\/article>\n<article class='mix portfolio_category_15 portfolio_category_20 default' style=''>\n    \n    \n    \n                <div class='image_holder'>\n                <a itemprop='url' class='portfolio_link_for_touch' href='https:\/\/www.stripesarchitects.nl\/nl\/portfolio_page\/woningen-en-commerciele-ruimte-den-bosch\/' target=''>\n                    \n<span class='image'><img width=\"1600\" height=\"1200\" src=\"https:\/\/www.stripesarchitects.nl\/nl\/wp-content\/uploads\/2023\/06\/Hinthamereinde_17-19_Den-Bosch_01web.jpg\" class=\"attachment-full size-full wp-post-image\" alt=\"\" decoding=\"async\" srcset=\"https:\/\/www.stripesarchitects.nl\/nl\/wp-content\/uploads\/2023\/06\/Hinthamereinde_17-19_Den-Bosch_01web.jpg 1600w, https:\/\/www.stripesarchitects.nl\/nl\/wp-content\/uploads\/2023\/06\/Hinthamereinde_17-19_Den-Bosch_01web-300x225.jpg 300w, https:\/\/www.stripesarchitects.nl\/nl\/wp-content\/uploads\/2023\/06\/Hinthamereinde_17-19_Den-Bosch_01web-1024x768.jpg 1024w, https:\/\/www.stripesarchitects.nl\/nl\/wp-content\/uploads\/2023\/06\/Hinthamereinde_17-19_Den-Bosch_01web-768x576.jpg 768w, https:\/\/www.stripesarchitects.nl\/nl\/wp-content\/uploads\/2023\/06\/Hinthamereinde_17-19_Den-Bosch_01web-1536x1152.jpg 1536w, https:\/\/www.stripesarchitects.nl\/nl\/wp-content\/uploads\/2023\/06\/Hinthamereinde_17-19_Den-Bosch_01web-800x600.jpg 800w, https:\/\/www.stripesarchitects.nl\/nl\/wp-content\/uploads\/2023\/06\/Hinthamereinde_17-19_Den-Bosch_01web-700x525.jpg 700w\" sizes=\"(max-width: 1600px) 100vw, 1600px\" \/><\/span>                <\/a>\n\n                <span class='text_holder'>\n    <span class='text_outer'>\n        <span class='text_inner'>\n            <span class='feature_holder'>\n                            <span class=\"feature_holder_icons\">';\n                            <a itemprop='image' class='lightbox qbutton small white' title='woningen en commerci\u00eble ruimte Den Bosch' href='https:\/\/www.stripesarchitects.nl\/nl\/wp-content\/uploads\/2023\/06\/Hinthamereinde_17-19_Den-Bosch_01web.jpg' data-rel='prettyPhoto[pretty_photo_gallery]'>zoom<\/a>\n    \n                            <a itemprop='url' class='preview qbutton small white' href='https:\/\/www.stripesarchitects.nl\/nl\/portfolio_page\/woningen-en-commerciele-ruimte-den-bosch\/' target='_self'>view<\/i><\/a>\n    \n                                            <\/span>\n        <\/span>\n    <\/span>\n<\/span>            <\/div>\n                <div class='portfolio_description ' >\n\n        \n    <h5 itemprop=\"name\" class=\"portfolio_title entry_title\"><a itemprop=\"url\" href=\"https:\/\/www.stripesarchitects.nl\/nl\/portfolio_page\/woningen-en-commerciele-ruimte-den-bosch\/\"  target=\"_self\"> woningen en commerci\u00eble ruimte Den Bosch<\/a><\/h5>\n\n\n        \n            <span class=\"project_category\" style=\"color: #ffffff\" >\n    wonen, herbestemming\/ renovatie    <\/span>\n\n    <\/div>\n        \n<\/article>\n<article class='mix portfolio_category_19 portfolio_category_40 default' style=''>\n    \n    \n    \n                <div class='image_holder'>\n                <a itemprop='url' class='portfolio_link_for_touch' href='https:\/\/www.stripesarchitects.nl\/nl\/portfolio_page\/logistikzentrum-segro-te-krefeld\/' target=''>\n                    \n<span class='image'><img width=\"1600\" height=\"900\" src=\"https:\/\/www.stripesarchitects.nl\/nl\/wp-content\/uploads\/2023\/05\/Logistikzentrum_Segro_Krefeld_01.jpg\" class=\"attachment-full size-full wp-post-image\" alt=\"\" decoding=\"async\" srcset=\"https:\/\/www.stripesarchitects.nl\/nl\/wp-content\/uploads\/2023\/05\/Logistikzentrum_Segro_Krefeld_01.jpg 1600w, https:\/\/www.stripesarchitects.nl\/nl\/wp-content\/uploads\/2023\/05\/Logistikzentrum_Segro_Krefeld_01-300x169.jpg 300w, https:\/\/www.stripesarchitects.nl\/nl\/wp-content\/uploads\/2023\/05\/Logistikzentrum_Segro_Krefeld_01-1024x576.jpg 1024w, https:\/\/www.stripesarchitects.nl\/nl\/wp-content\/uploads\/2023\/05\/Logistikzentrum_Segro_Krefeld_01-768x432.jpg 768w, https:\/\/www.stripesarchitects.nl\/nl\/wp-content\/uploads\/2023\/05\/Logistikzentrum_Segro_Krefeld_01-1536x864.jpg 1536w, https:\/\/www.stripesarchitects.nl\/nl\/wp-content\/uploads\/2023\/05\/Logistikzentrum_Segro_Krefeld_01-700x394.jpg 700w, https:\/\/www.stripesarchitects.nl\/nl\/wp-content\/uploads\/2023\/05\/Logistikzentrum_Segro_Krefeld_01-539x303.jpg 539w\" sizes=\"(max-width: 1600px) 100vw, 1600px\" \/><\/span>                <\/a>\n\n                <span class='text_holder'>\n    <span class='text_outer'>\n        <span class='text_inner'>\n            <span class='feature_holder'>\n                            <span class=\"feature_holder_icons\">';\n                            <a itemprop='image' class='lightbox qbutton small white' title='Logistikzentrum Segro te Krefeld (D) &#8211; Ausf\u00fchrungsplanung' href='https:\/\/www.stripesarchitects.nl\/nl\/wp-content\/uploads\/2023\/05\/Logistikzentrum_Segro_Krefeld_01.jpg' data-rel='prettyPhoto[pretty_photo_gallery]'>zoom<\/a>\n    \n                            <a itemprop='url' class='preview qbutton small white' href='https:\/\/www.stripesarchitects.nl\/nl\/portfolio_page\/logistikzentrum-segro-te-krefeld\/' target='_self'>view<\/i><\/a>\n    \n                                            <\/span>\n        <\/span>\n    <\/span>\n<\/span>            <\/div>\n                <div class='portfolio_description ' >\n\n        \n    <h5 itemprop=\"name\" class=\"portfolio_title entry_title\"><a itemprop=\"url\" href=\"https:\/\/www.stripesarchitects.nl\/nl\/portfolio_page\/logistikzentrum-segro-te-krefeld\/\"  target=\"_self\"> Logistikzentrum Segro te Krefeld (D) &#8211; Ausf\u00fchrungsplanung<\/a><\/h5>\n\n\n        \n            <span class=\"project_category\" style=\"color: #ffffff\" >\n    logistiek, Duitsland    <\/span>\n\n    <\/div>\n        \n<\/article>\n<article class='mix portfolio_category_11 portfolio_category_16 default' style=''>\n    \n    \n    \n                <div class='image_holder'>\n                <a itemprop='url' class='portfolio_link_for_touch' href='https:\/\/www.stripesarchitects.nl\/nl\/portfolio_page\/zorgvoorzieningengebouw-wielewaal\/' target=''>\n                    \n<span class='image'><img width=\"1600\" height=\"1200\" src=\"https:\/\/www.stripesarchitects.nl\/nl\/wp-content\/uploads\/2023\/06\/Wielewaal_zorgvoorzieningen_ASVZ_Charlois_Rotterdam_01web.jpg\" class=\"attachment-full size-full wp-post-image\" alt=\"\" decoding=\"async\" srcset=\"https:\/\/www.stripesarchitects.nl\/nl\/wp-content\/uploads\/2023\/06\/Wielewaal_zorgvoorzieningen_ASVZ_Charlois_Rotterdam_01web.jpg 1600w, https:\/\/www.stripesarchitects.nl\/nl\/wp-content\/uploads\/2023\/06\/Wielewaal_zorgvoorzieningen_ASVZ_Charlois_Rotterdam_01web-300x225.jpg 300w, https:\/\/www.stripesarchitects.nl\/nl\/wp-content\/uploads\/2023\/06\/Wielewaal_zorgvoorzieningen_ASVZ_Charlois_Rotterdam_01web-1024x768.jpg 1024w, https:\/\/www.stripesarchitects.nl\/nl\/wp-content\/uploads\/2023\/06\/Wielewaal_zorgvoorzieningen_ASVZ_Charlois_Rotterdam_01web-768x576.jpg 768w, https:\/\/www.stripesarchitects.nl\/nl\/wp-content\/uploads\/2023\/06\/Wielewaal_zorgvoorzieningen_ASVZ_Charlois_Rotterdam_01web-1536x1152.jpg 1536w, https:\/\/www.stripesarchitects.nl\/nl\/wp-content\/uploads\/2023\/06\/Wielewaal_zorgvoorzieningen_ASVZ_Charlois_Rotterdam_01web-800x600.jpg 800w, https:\/\/www.stripesarchitects.nl\/nl\/wp-content\/uploads\/2023\/06\/Wielewaal_zorgvoorzieningen_ASVZ_Charlois_Rotterdam_01web-700x525.jpg 700w\" sizes=\"(max-width: 1600px) 100vw, 1600px\" \/><\/span>                <\/a>\n\n                <span class='text_holder'>\n    <span class='text_outer'>\n        <span class='text_inner'>\n            <span class='feature_holder'>\n                            <span class=\"feature_holder_icons\">';\n                            <a itemprop='image' class='lightbox qbutton small white' title='zorgvoorzieningengebouw Wielewaal voor ASVZ te Rotterdam' href='https:\/\/www.stripesarchitects.nl\/nl\/wp-content\/uploads\/2023\/06\/Wielewaal_zorgvoorzieningen_ASVZ_Charlois_Rotterdam_01web.jpg' data-rel='prettyPhoto[pretty_photo_gallery]'>zoom<\/a>\n    \n                            <a itemprop='url' class='preview qbutton small white' href='https:\/\/www.stripesarchitects.nl\/nl\/portfolio_page\/zorgvoorzieningengebouw-wielewaal\/' target='_self'>view<\/i><\/a>\n    \n                                            <\/span>\n        <\/span>\n    <\/span>\n<\/span>            <\/div>\n                <div class='portfolio_description ' >\n\n        \n    <h5 itemprop=\"name\" class=\"portfolio_title entry_title\"><a itemprop=\"url\" href=\"https:\/\/www.stripesarchitects.nl\/nl\/portfolio_page\/zorgvoorzieningengebouw-wielewaal\/\"  target=\"_self\"> zorgvoorzieningengebouw Wielewaal voor ASVZ te Rotterdam<\/a><\/h5>\n\n\n        \n            <span class=\"project_category\" style=\"color: #ffffff\" >\n    zorg, utiliteit    <\/span>\n\n    <\/div>\n        \n<\/article>\n<article class='mix portfolio_category_20 default' style=''>\n    \n    \n    \n                <div class='image_holder'>\n                <a itemprop='url' class='portfolio_link_for_touch' href='https:\/\/www.stripesarchitects.nl\/nl\/portfolio_page\/s-cape-tijdelijk-paviljoen-dutch-design-week-2013\/' target=''>\n                    \n<span class='image'><img width=\"1600\" height=\"1200\" src=\"https:\/\/www.stripesarchitects.nl\/nl\/wp-content\/uploads\/2023\/06\/S-Cape_tijdelijk-paviljoen_Dutch-Design-Week-2013_01web.jpg\" class=\"attachment-full size-full wp-post-image\" alt=\"\" decoding=\"async\" srcset=\"https:\/\/www.stripesarchitects.nl\/nl\/wp-content\/uploads\/2023\/06\/S-Cape_tijdelijk-paviljoen_Dutch-Design-Week-2013_01web.jpg 1600w, https:\/\/www.stripesarchitects.nl\/nl\/wp-content\/uploads\/2023\/06\/S-Cape_tijdelijk-paviljoen_Dutch-Design-Week-2013_01web-300x225.jpg 300w, https:\/\/www.stripesarchitects.nl\/nl\/wp-content\/uploads\/2023\/06\/S-Cape_tijdelijk-paviljoen_Dutch-Design-Week-2013_01web-1024x768.jpg 1024w, https:\/\/www.stripesarchitects.nl\/nl\/wp-content\/uploads\/2023\/06\/S-Cape_tijdelijk-paviljoen_Dutch-Design-Week-2013_01web-768x576.jpg 768w, https:\/\/www.stripesarchitects.nl\/nl\/wp-content\/uploads\/2023\/06\/S-Cape_tijdelijk-paviljoen_Dutch-Design-Week-2013_01web-1536x1152.jpg 1536w, https:\/\/www.stripesarchitects.nl\/nl\/wp-content\/uploads\/2023\/06\/S-Cape_tijdelijk-paviljoen_Dutch-Design-Week-2013_01web-800x600.jpg 800w, https:\/\/www.stripesarchitects.nl\/nl\/wp-content\/uploads\/2023\/06\/S-Cape_tijdelijk-paviljoen_Dutch-Design-Week-2013_01web-700x525.jpg 700w\" sizes=\"(max-width: 1600px) 100vw, 1600px\" \/><\/span>                <\/a>\n\n                <span class='text_holder'>\n    <span class='text_outer'>\n        <span class='text_inner'>\n            <span class='feature_holder'>\n                            <span class=\"feature_holder_icons\">';\n                            <a itemprop='image' class='lightbox qbutton small white' title='&#8216;S-Cape&#8217; paviljoen Dutch Design Week 2013' href='https:\/\/www.stripesarchitects.nl\/nl\/wp-content\/uploads\/2023\/06\/S-Cape_tijdelijk-paviljoen_Dutch-Design-Week-2013_01web.jpg' data-rel='prettyPhoto[pretty_photo_gallery]'>zoom<\/a>\n    \n                            <a itemprop='url' class='preview qbutton small white' href='https:\/\/www.stripesarchitects.nl\/nl\/portfolio_page\/s-cape-tijdelijk-paviljoen-dutch-design-week-2013\/' target='_self'>view<\/i><\/a>\n    \n                                            <\/span>\n        <\/span>\n    <\/span>\n<\/span>            <\/div>\n                <div class='portfolio_description ' >\n\n        \n    <h5 itemprop=\"name\" class=\"portfolio_title entry_title\"><a itemprop=\"url\" href=\"https:\/\/www.stripesarchitects.nl\/nl\/portfolio_page\/s-cape-tijdelijk-paviljoen-dutch-design-week-2013\/\"  target=\"_self\"> &#8216;S-Cape&#8217; paviljoen Dutch Design Week 2013<\/a><\/h5>\n\n\n        \n            <span class=\"project_category\" style=\"color: #ffffff\" >\n    herbestemming\/ renovatie    <\/span>\n\n    <\/div>\n        \n<\/article>\n<article class='mix portfolio_category_16 portfolio_category_40 default' style=''>\n    \n    \n    \n                <div class='image_holder'>\n                <a itemprop='url' class='portfolio_link_for_touch' href='https:\/\/www.stripesarchitects.nl\/nl\/portfolio_page\/burogebaude-dhl-freight-te-hannover\/' target=''>\n                    \n<span class='image'><img width=\"1600\" height=\"900\" src=\"https:\/\/www.stripesarchitects.nl\/nl\/wp-content\/uploads\/2023\/06\/Hannover_kantoorgebouw_DHL-Freight_01web.jpg\" class=\"attachment-full size-full wp-post-image\" alt=\"\" decoding=\"async\" srcset=\"https:\/\/www.stripesarchitects.nl\/nl\/wp-content\/uploads\/2023\/06\/Hannover_kantoorgebouw_DHL-Freight_01web.jpg 1600w, https:\/\/www.stripesarchitects.nl\/nl\/wp-content\/uploads\/2023\/06\/Hannover_kantoorgebouw_DHL-Freight_01web-300x169.jpg 300w, https:\/\/www.stripesarchitects.nl\/nl\/wp-content\/uploads\/2023\/06\/Hannover_kantoorgebouw_DHL-Freight_01web-1024x576.jpg 1024w, https:\/\/www.stripesarchitects.nl\/nl\/wp-content\/uploads\/2023\/06\/Hannover_kantoorgebouw_DHL-Freight_01web-768x432.jpg 768w, https:\/\/www.stripesarchitects.nl\/nl\/wp-content\/uploads\/2023\/06\/Hannover_kantoorgebouw_DHL-Freight_01web-1536x864.jpg 1536w, https:\/\/www.stripesarchitects.nl\/nl\/wp-content\/uploads\/2023\/06\/Hannover_kantoorgebouw_DHL-Freight_01web-700x394.jpg 700w, https:\/\/www.stripesarchitects.nl\/nl\/wp-content\/uploads\/2023\/06\/Hannover_kantoorgebouw_DHL-Freight_01web-539x303.jpg 539w\" sizes=\"(max-width: 1600px) 100vw, 1600px\" \/><\/span>                <\/a>\n\n                <span class='text_holder'>\n    <span class='text_outer'>\n        <span class='text_inner'>\n            <span class='feature_holder'>\n                            <span class=\"feature_holder_icons\">';\n                            <a itemprop='image' class='lightbox qbutton small white' title='B\u00fcrogeb\u00e4ude DHL Freight te Hannover (D) &#8211; Ausf\u00fchrungsplanung' href='https:\/\/www.stripesarchitects.nl\/nl\/wp-content\/uploads\/2023\/06\/Hannover_kantoorgebouw_DHL-Freight_01web.jpg' data-rel='prettyPhoto[pretty_photo_gallery]'>zoom<\/a>\n    \n                            <a itemprop='url' class='preview qbutton small white' href='https:\/\/www.stripesarchitects.nl\/nl\/portfolio_page\/burogebaude-dhl-freight-te-hannover\/' target='_self'>view<\/i><\/a>\n    \n                                            <\/span>\n        <\/span>\n    <\/span>\n<\/span>            <\/div>\n                <div class='portfolio_description ' >\n\n        \n    <h5 itemprop=\"name\" class=\"portfolio_title entry_title\"><a itemprop=\"url\" href=\"https:\/\/www.stripesarchitects.nl\/nl\/portfolio_page\/burogebaude-dhl-freight-te-hannover\/\"  target=\"_self\"> B\u00fcrogeb\u00e4ude DHL Freight te Hannover (D) &#8211; Ausf\u00fchrungsplanung<\/a><\/h5>\n\n\n        \n            <span class=\"project_category\" style=\"color: #ffffff\" >\n    utiliteit, Duitsland    <\/span>\n\n    <\/div>\n        \n<\/article>\n<article class='mix portfolio_category_16 default' style=''>\n    \n    \n    \n                <div class='image_holder'>\n                <a itemprop='url' class='portfolio_link_for_touch' href='https:\/\/www.stripesarchitects.nl\/nl\/portfolio_page\/eurobox_self_storage-dordrecht\/' target=''>\n                    \n<span class='image'><img width=\"1600\" height=\"900\" src=\"https:\/\/www.stripesarchitects.nl\/nl\/wp-content\/uploads\/2023\/06\/Eurobox-Self-Storage_Dordrecht_01web.jpg\" class=\"attachment-full size-full wp-post-image\" alt=\"\" decoding=\"async\" srcset=\"https:\/\/www.stripesarchitects.nl\/nl\/wp-content\/uploads\/2023\/06\/Eurobox-Self-Storage_Dordrecht_01web.jpg 1600w, https:\/\/www.stripesarchitects.nl\/nl\/wp-content\/uploads\/2023\/06\/Eurobox-Self-Storage_Dordrecht_01web-300x169.jpg 300w, https:\/\/www.stripesarchitects.nl\/nl\/wp-content\/uploads\/2023\/06\/Eurobox-Self-Storage_Dordrecht_01web-1024x576.jpg 1024w, https:\/\/www.stripesarchitects.nl\/nl\/wp-content\/uploads\/2023\/06\/Eurobox-Self-Storage_Dordrecht_01web-768x432.jpg 768w, https:\/\/www.stripesarchitects.nl\/nl\/wp-content\/uploads\/2023\/06\/Eurobox-Self-Storage_Dordrecht_01web-1536x864.jpg 1536w, https:\/\/www.stripesarchitects.nl\/nl\/wp-content\/uploads\/2023\/06\/Eurobox-Self-Storage_Dordrecht_01web-700x394.jpg 700w, https:\/\/www.stripesarchitects.nl\/nl\/wp-content\/uploads\/2023\/06\/Eurobox-Self-Storage_Dordrecht_01web-539x303.jpg 539w\" sizes=\"(max-width: 1600px) 100vw, 1600px\" \/><\/span>                <\/a>\n\n                <span class='text_holder'>\n    <span class='text_outer'>\n        <span class='text_inner'>\n            <span class='feature_holder'>\n                            <span class=\"feature_holder_icons\">';\n                            <a itemprop='image' class='lightbox qbutton small white' title='Eurobox Self Storage te Dordrecht' href='https:\/\/www.stripesarchitects.nl\/nl\/wp-content\/uploads\/2023\/06\/Eurobox-Self-Storage_Dordrecht_01web.jpg' data-rel='prettyPhoto[pretty_photo_gallery]'>zoom<\/a>\n    \n                            <a itemprop='url' class='preview qbutton small white' href='https:\/\/www.stripesarchitects.nl\/nl\/portfolio_page\/eurobox_self_storage-dordrecht\/' target='_self'>view<\/i><\/a>\n    \n                                            <\/span>\n        <\/span>\n    <\/span>\n<\/span>            <\/div>\n                <div class='portfolio_description ' >\n\n        \n    <h5 itemprop=\"name\" class=\"portfolio_title entry_title\"><a itemprop=\"url\" href=\"https:\/\/www.stripesarchitects.nl\/nl\/portfolio_page\/eurobox_self_storage-dordrecht\/\"  target=\"_self\"> Eurobox Self Storage te Dordrecht<\/a><\/h5>\n\n\n        \n            <span class=\"project_category\" style=\"color: #ffffff\" >\n    utiliteit    <\/span>\n\n    <\/div>\n        \n<\/article>\n<article class='mix portfolio_category_17 default' style=''>\n    \n    \n    \n                <div class='image_holder'>\n                <a itemprop='url' class='portfolio_link_for_touch' href='https:\/\/www.stripesarchitects.nl\/nl\/portfolio_page\/zwembad-de-ronde-venen-mijdrecht\/' target=''>\n                    \n<span class='image'><img width=\"1600\" height=\"800\" src=\"https:\/\/www.stripesarchitects.nl\/nl\/wp-content\/uploads\/2023\/06\/Veenweidebad_zwembad_De-Ronde-Venen_Mijdrecht_01web.jpg\" class=\"attachment-full size-full wp-post-image\" alt=\"\" decoding=\"async\" srcset=\"https:\/\/www.stripesarchitects.nl\/nl\/wp-content\/uploads\/2023\/06\/Veenweidebad_zwembad_De-Ronde-Venen_Mijdrecht_01web.jpg 1600w, https:\/\/www.stripesarchitects.nl\/nl\/wp-content\/uploads\/2023\/06\/Veenweidebad_zwembad_De-Ronde-Venen_Mijdrecht_01web-300x150.jpg 300w, https:\/\/www.stripesarchitects.nl\/nl\/wp-content\/uploads\/2023\/06\/Veenweidebad_zwembad_De-Ronde-Venen_Mijdrecht_01web-1024x512.jpg 1024w, https:\/\/www.stripesarchitects.nl\/nl\/wp-content\/uploads\/2023\/06\/Veenweidebad_zwembad_De-Ronde-Venen_Mijdrecht_01web-768x384.jpg 768w, https:\/\/www.stripesarchitects.nl\/nl\/wp-content\/uploads\/2023\/06\/Veenweidebad_zwembad_De-Ronde-Venen_Mijdrecht_01web-1536x768.jpg 1536w, https:\/\/www.stripesarchitects.nl\/nl\/wp-content\/uploads\/2023\/06\/Veenweidebad_zwembad_De-Ronde-Venen_Mijdrecht_01web-1000x500.jpg 1000w, https:\/\/www.stripesarchitects.nl\/nl\/wp-content\/uploads\/2023\/06\/Veenweidebad_zwembad_De-Ronde-Venen_Mijdrecht_01web-700x350.jpg 700w\" sizes=\"(max-width: 1600px) 100vw, 1600px\" \/><\/span>                <\/a>\n\n                <span class='text_holder'>\n    <span class='text_outer'>\n        <span class='text_inner'>\n            <span class='feature_holder'>\n                            <span class=\"feature_holder_icons\">';\n                            <a itemprop='image' class='lightbox qbutton small white' title='zwembad De Ronde Venen Mijdrecht' href='https:\/\/www.stripesarchitects.nl\/nl\/wp-content\/uploads\/2023\/06\/Veenweidebad_zwembad_De-Ronde-Venen_Mijdrecht_01web.jpg' data-rel='prettyPhoto[pretty_photo_gallery]'>zoom<\/a>\n    \n                            <a itemprop='url' class='preview qbutton small white' href='https:\/\/www.stripesarchitects.nl\/nl\/portfolio_page\/zwembad-de-ronde-venen-mijdrecht\/' target='_self'>view<\/i><\/a>\n    \n                                            <\/span>\n        <\/span>\n    <\/span>\n<\/span>            <\/div>\n                <div class='portfolio_description ' >\n\n        \n    <h5 itemprop=\"name\" class=\"portfolio_title entry_title\"><a itemprop=\"url\" href=\"https:\/\/www.stripesarchitects.nl\/nl\/portfolio_page\/zwembad-de-ronde-venen-mijdrecht\/\"  target=\"_self\"> zwembad De Ronde Venen Mijdrecht<\/a><\/h5>\n\n\n        \n            <span class=\"project_category\" style=\"color: #ffffff\" >\n    sport    <\/span>\n\n    <\/div>\n        \n<\/article>\n<article class='mix portfolio_category_16 portfolio_category_17 default' style=''>\n    \n    \n    \n                <div class='image_holder'>\n                <a itemprop='url' class='portfolio_link_for_touch' href='https:\/\/www.stripesarchitects.nl\/nl\/portfolio_page\/stadion-fc-den-bosch\/' target=''>\n                    \n<span class='image'><img width=\"1600\" height=\"1050\" src=\"https:\/\/www.stripesarchitects.nl\/nl\/wp-content\/uploads\/2023\/06\/stadion_FC-Den-Bosch_de-Vliert_01web.jpg\" class=\"attachment-full size-full wp-post-image\" alt=\"\" decoding=\"async\" srcset=\"https:\/\/www.stripesarchitects.nl\/nl\/wp-content\/uploads\/2023\/06\/stadion_FC-Den-Bosch_de-Vliert_01web.jpg 1600w, https:\/\/www.stripesarchitects.nl\/nl\/wp-content\/uploads\/2023\/06\/stadion_FC-Den-Bosch_de-Vliert_01web-300x197.jpg 300w, https:\/\/www.stripesarchitects.nl\/nl\/wp-content\/uploads\/2023\/06\/stadion_FC-Den-Bosch_de-Vliert_01web-1024x672.jpg 1024w, https:\/\/www.stripesarchitects.nl\/nl\/wp-content\/uploads\/2023\/06\/stadion_FC-Den-Bosch_de-Vliert_01web-768x504.jpg 768w, https:\/\/www.stripesarchitects.nl\/nl\/wp-content\/uploads\/2023\/06\/stadion_FC-Den-Bosch_de-Vliert_01web-1536x1008.jpg 1536w, https:\/\/www.stripesarchitects.nl\/nl\/wp-content\/uploads\/2023\/06\/stadion_FC-Den-Bosch_de-Vliert_01web-700x459.jpg 700w\" sizes=\"(max-width: 1600px) 100vw, 1600px\" \/><\/span>                <\/a>\n\n                <span class='text_holder'>\n    <span class='text_outer'>\n        <span class='text_inner'>\n            <span class='feature_holder'>\n                            <span class=\"feature_holder_icons\">';\n                            <a itemprop='image' class='lightbox qbutton small white' title='stadion FC Den Bosch' href='https:\/\/www.stripesarchitects.nl\/nl\/wp-content\/uploads\/2023\/06\/stadion_FC-Den-Bosch_de-Vliert_01web.jpg' data-rel='prettyPhoto[pretty_photo_gallery]'>zoom<\/a>\n    \n                            <a itemprop='url' class='preview qbutton small white' href='https:\/\/www.stripesarchitects.nl\/nl\/portfolio_page\/stadion-fc-den-bosch\/' target='_self'>view<\/i><\/a>\n    \n                                            <\/span>\n        <\/span>\n    <\/span>\n<\/span>            <\/div>\n                <div class='portfolio_description ' >\n\n        \n    <h5 itemprop=\"name\" class=\"portfolio_title entry_title\"><a itemprop=\"url\" href=\"https:\/\/www.stripesarchitects.nl\/nl\/portfolio_page\/stadion-fc-den-bosch\/\"  target=\"_self\"> stadion FC Den Bosch<\/a><\/h5>\n\n\n        \n            <span class=\"project_category\" style=\"color: #ffffff\" >\n    utiliteit, sport    <\/span>\n\n    <\/div>\n        \n<\/article>\n<article class='mix portfolio_category_17 portfolio_category_18 default' style=''>\n    \n    \n    \n                <div class='image_holder'>\n                <a itemprop='url' class='portfolio_link_for_touch' href='https:\/\/www.stripesarchitects.nl\/nl\/portfolio_page\/gymzaal-megen\/' target=''>\n                    \n<span class='image'><img width=\"1600\" height=\"1050\" src=\"https:\/\/www.stripesarchitects.nl\/nl\/wp-content\/uploads\/2023\/06\/Gymzaal_Den-Heuvel_Megen_Oss_06web.jpg\" class=\"attachment-full size-full wp-post-image\" alt=\"\" decoding=\"async\" srcset=\"https:\/\/www.stripesarchitects.nl\/nl\/wp-content\/uploads\/2023\/06\/Gymzaal_Den-Heuvel_Megen_Oss_06web.jpg 1600w, https:\/\/www.stripesarchitects.nl\/nl\/wp-content\/uploads\/2023\/06\/Gymzaal_Den-Heuvel_Megen_Oss_06web-300x197.jpg 300w, https:\/\/www.stripesarchitects.nl\/nl\/wp-content\/uploads\/2023\/06\/Gymzaal_Den-Heuvel_Megen_Oss_06web-1024x672.jpg 1024w, https:\/\/www.stripesarchitects.nl\/nl\/wp-content\/uploads\/2023\/06\/Gymzaal_Den-Heuvel_Megen_Oss_06web-768x504.jpg 768w, https:\/\/www.stripesarchitects.nl\/nl\/wp-content\/uploads\/2023\/06\/Gymzaal_Den-Heuvel_Megen_Oss_06web-1536x1008.jpg 1536w, https:\/\/www.stripesarchitects.nl\/nl\/wp-content\/uploads\/2023\/06\/Gymzaal_Den-Heuvel_Megen_Oss_06web-700x459.jpg 700w\" sizes=\"(max-width: 1600px) 100vw, 1600px\" \/><\/span>                <\/a>\n\n                <span class='text_holder'>\n    <span class='text_outer'>\n        <span class='text_inner'>\n            <span class='feature_holder'>\n                            <span class=\"feature_holder_icons\">';\n                            <a itemprop='image' class='lightbox qbutton small white' title='gymzaal Megen' href='https:\/\/www.stripesarchitects.nl\/nl\/wp-content\/uploads\/2023\/06\/Gymzaal_Den-Heuvel_Megen_Oss_06web.jpg' data-rel='prettyPhoto[pretty_photo_gallery]'>zoom<\/a>\n    \n                            <a itemprop='url' class='preview qbutton small white' href='https:\/\/www.stripesarchitects.nl\/nl\/portfolio_page\/gymzaal-megen\/' target='_self'>view<\/i><\/a>\n    \n                                            <\/span>\n        <\/span>\n    <\/span>\n<\/span>            <\/div>\n                <div class='portfolio_description ' >\n\n        \n    <h5 itemprop=\"name\" class=\"portfolio_title entry_title\"><a itemprop=\"url\" href=\"https:\/\/www.stripesarchitects.nl\/nl\/portfolio_page\/gymzaal-megen\/\"  target=\"_self\"> gymzaal Megen<\/a><\/h5>\n\n\n        \n            <span class=\"project_category\" style=\"color: #ffffff\" >\n    sport, onderwijs    <\/span>\n\n    <\/div>\n        \n<\/article>\n<article class='mix portfolio_category_18 default' style=''>\n    \n    \n    \n                <div class='image_holder'>\n                <a itemprop='url' class='portfolio_link_for_touch' href='https:\/\/www.stripesarchitects.nl\/nl\/portfolio_page\/multifunctioneel-centrum-de-koppelinck-te-geffen\/' target=''>\n                    \n<span class='image'><img width=\"1600\" height=\"1050\" src=\"https:\/\/www.stripesarchitects.nl\/nl\/wp-content\/uploads\/2023\/06\/MFC_De-Koppelinck_Geffen_01web.jpg\" class=\"attachment-full size-full wp-post-image\" alt=\"\" decoding=\"async\" srcset=\"https:\/\/www.stripesarchitects.nl\/nl\/wp-content\/uploads\/2023\/06\/MFC_De-Koppelinck_Geffen_01web.jpg 1600w, https:\/\/www.stripesarchitects.nl\/nl\/wp-content\/uploads\/2023\/06\/MFC_De-Koppelinck_Geffen_01web-300x197.jpg 300w, https:\/\/www.stripesarchitects.nl\/nl\/wp-content\/uploads\/2023\/06\/MFC_De-Koppelinck_Geffen_01web-1024x672.jpg 1024w, https:\/\/www.stripesarchitects.nl\/nl\/wp-content\/uploads\/2023\/06\/MFC_De-Koppelinck_Geffen_01web-768x504.jpg 768w, https:\/\/www.stripesarchitects.nl\/nl\/wp-content\/uploads\/2023\/06\/MFC_De-Koppelinck_Geffen_01web-1536x1008.jpg 1536w, https:\/\/www.stripesarchitects.nl\/nl\/wp-content\/uploads\/2023\/06\/MFC_De-Koppelinck_Geffen_01web-700x459.jpg 700w\" sizes=\"(max-width: 1600px) 100vw, 1600px\" \/><\/span>                <\/a>\n\n                <span class='text_holder'>\n    <span class='text_outer'>\n        <span class='text_inner'>\n            <span class='feature_holder'>\n                            <span class=\"feature_holder_icons\">';\n                            <a itemprop='image' class='lightbox qbutton small white' title='Multifunctioneel Centrum de Koppelinck te Geffen' href='https:\/\/www.stripesarchitects.nl\/nl\/wp-content\/uploads\/2023\/06\/MFC_De-Koppelinck_Geffen_01web.jpg' data-rel='prettyPhoto[pretty_photo_gallery]'>zoom<\/a>\n    \n                            <a itemprop='url' class='preview qbutton small white' href='https:\/\/www.stripesarchitects.nl\/nl\/portfolio_page\/multifunctioneel-centrum-de-koppelinck-te-geffen\/' target='_self'>view<\/i><\/a>\n    \n                                            <\/span>\n        <\/span>\n    <\/span>\n<\/span>            <\/div>\n                <div class='portfolio_description ' >\n\n        \n    <h5 itemprop=\"name\" class=\"portfolio_title entry_title\"><a itemprop=\"url\" href=\"https:\/\/www.stripesarchitects.nl\/nl\/portfolio_page\/multifunctioneel-centrum-de-koppelinck-te-geffen\/\"  target=\"_self\"> Multifunctioneel Centrum de Koppelinck te Geffen<\/a><\/h5>\n\n\n        \n            <span class=\"project_category\" style=\"color: #ffffff\" >\n    onderwijs    <\/span>\n\n    <\/div>\n        \n<\/article>\n<article class='mix portfolio_category_19 portfolio_category_16 portfolio_category_40 default' style=''>\n    \n    \n    \n                <div class='image_holder'>\n                <a itemprop='url' class='portfolio_link_for_touch' href='https:\/\/www.stripesarchitects.nl\/nl\/portfolio_page\/dhl-briefzentrum-germering\/' target=''>\n                    \n<span class='image'><img width=\"1600\" height=\"900\" src=\"https:\/\/www.stripesarchitects.nl\/nl\/wp-content\/uploads\/2023\/06\/DHL_Briefzentrum_Germering_01web.jpg\" class=\"attachment-full size-full wp-post-image\" alt=\"\" decoding=\"async\" srcset=\"https:\/\/www.stripesarchitects.nl\/nl\/wp-content\/uploads\/2023\/06\/DHL_Briefzentrum_Germering_01web.jpg 1600w, https:\/\/www.stripesarchitects.nl\/nl\/wp-content\/uploads\/2023\/06\/DHL_Briefzentrum_Germering_01web-300x169.jpg 300w, https:\/\/www.stripesarchitects.nl\/nl\/wp-content\/uploads\/2023\/06\/DHL_Briefzentrum_Germering_01web-1024x576.jpg 1024w, https:\/\/www.stripesarchitects.nl\/nl\/wp-content\/uploads\/2023\/06\/DHL_Briefzentrum_Germering_01web-768x432.jpg 768w, https:\/\/www.stripesarchitects.nl\/nl\/wp-content\/uploads\/2023\/06\/DHL_Briefzentrum_Germering_01web-1536x864.jpg 1536w, https:\/\/www.stripesarchitects.nl\/nl\/wp-content\/uploads\/2023\/06\/DHL_Briefzentrum_Germering_01web-700x394.jpg 700w, https:\/\/www.stripesarchitects.nl\/nl\/wp-content\/uploads\/2023\/06\/DHL_Briefzentrum_Germering_01web-539x303.jpg 539w, https:\/\/www.stripesarchitects.nl\/nl\/wp-content\/uploads\/2023\/06\/DHL_Briefzentrum_Germering_01web-355x200.jpg 355w\" sizes=\"(max-width: 1600px) 100vw, 1600px\" \/><\/span>                <\/a>\n\n                <span class='text_holder'>\n    <span class='text_outer'>\n        <span class='text_inner'>\n            <span class='feature_holder'>\n                            <span class=\"feature_holder_icons\">';\n                            <a itemprop='image' class='lightbox qbutton small white' title='DHL Briefzentrum te Germering (D) &#8211; Ausf\u00fchrungsplanung' href='https:\/\/www.stripesarchitects.nl\/nl\/wp-content\/uploads\/2023\/06\/DHL_Briefzentrum_Germering_01web.jpg' data-rel='prettyPhoto[pretty_photo_gallery]'>zoom<\/a>\n    \n                            <a itemprop='url' class='preview qbutton small white' href='https:\/\/www.stripesarchitects.nl\/nl\/portfolio_page\/dhl-briefzentrum-germering\/' target='_self'>view<\/i><\/a>\n    \n                                            <\/span>\n        <\/span>\n    <\/span>\n<\/span>            <\/div>\n                <div class='portfolio_description ' >\n\n        \n    <h5 itemprop=\"name\" class=\"portfolio_title entry_title\"><a itemprop=\"url\" href=\"https:\/\/www.stripesarchitects.nl\/nl\/portfolio_page\/dhl-briefzentrum-germering\/\"  target=\"_self\"> DHL Briefzentrum te Germering (D) &#8211; Ausf\u00fchrungsplanung<\/a><\/h5>\n\n\n        \n            <span class=\"project_category\" style=\"color: #ffffff\" >\n    logistiek, utiliteit, Duitsland    <\/span>\n\n    <\/div>\n        \n<\/article>\n<article class='mix portfolio_category_19 portfolio_category_16 portfolio_category_40 default' style=''>\n    \n    \n    \n                <div class='image_holder'>\n                <a itemprop='url' class='portfolio_link_for_touch' href='https:\/\/www.stripesarchitects.nl\/nl\/portfolio_page\/ups-paketumschlaghalle-koln-bonn\/' target=''>\n                    \n<span class='image'><img width=\"1600\" height=\"900\" src=\"https:\/\/www.stripesarchitects.nl\/nl\/wp-content\/uploads\/2023\/06\/Koln-Bonn_UPS_Paketumschlaghalle_01web.jpg\" class=\"attachment-full size-full wp-post-image\" alt=\"\" decoding=\"async\" srcset=\"https:\/\/www.stripesarchitects.nl\/nl\/wp-content\/uploads\/2023\/06\/Koln-Bonn_UPS_Paketumschlaghalle_01web.jpg 1600w, https:\/\/www.stripesarchitects.nl\/nl\/wp-content\/uploads\/2023\/06\/Koln-Bonn_UPS_Paketumschlaghalle_01web-300x169.jpg 300w, https:\/\/www.stripesarchitects.nl\/nl\/wp-content\/uploads\/2023\/06\/Koln-Bonn_UPS_Paketumschlaghalle_01web-1024x576.jpg 1024w, https:\/\/www.stripesarchitects.nl\/nl\/wp-content\/uploads\/2023\/06\/Koln-Bonn_UPS_Paketumschlaghalle_01web-768x432.jpg 768w, https:\/\/www.stripesarchitects.nl\/nl\/wp-content\/uploads\/2023\/06\/Koln-Bonn_UPS_Paketumschlaghalle_01web-1536x864.jpg 1536w, https:\/\/www.stripesarchitects.nl\/nl\/wp-content\/uploads\/2023\/06\/Koln-Bonn_UPS_Paketumschlaghalle_01web-700x394.jpg 700w, https:\/\/www.stripesarchitects.nl\/nl\/wp-content\/uploads\/2023\/06\/Koln-Bonn_UPS_Paketumschlaghalle_01web-539x303.jpg 539w\" sizes=\"(max-width: 1600px) 100vw, 1600px\" \/><\/span>                <\/a>\n\n                <span class='text_holder'>\n    <span class='text_outer'>\n        <span class='text_inner'>\n            <span class='feature_holder'>\n                            <span class=\"feature_holder_icons\">';\n                            <a itemprop='image' class='lightbox qbutton small white' title='UPS Paketumschlaghalle te K\u00f6ln-Bonn (D) &#8211; Ausf\u00fchrungsplanung' href='https:\/\/www.stripesarchitects.nl\/nl\/wp-content\/uploads\/2023\/06\/Koln-Bonn_UPS_Paketumschlaghalle_01web.jpg' data-rel='prettyPhoto[pretty_photo_gallery]'>zoom<\/a>\n    \n                            <a itemprop='url' class='preview qbutton small white' href='https:\/\/www.stripesarchitects.nl\/nl\/portfolio_page\/ups-paketumschlaghalle-koln-bonn\/' target='_self'>view<\/i><\/a>\n    \n                                            <\/span>\n        <\/span>\n    <\/span>\n<\/span>            <\/div>\n                <div class='portfolio_description ' >\n\n        \n    <h5 itemprop=\"name\" class=\"portfolio_title entry_title\"><a itemprop=\"url\" href=\"https:\/\/www.stripesarchitects.nl\/nl\/portfolio_page\/ups-paketumschlaghalle-koln-bonn\/\"  target=\"_self\"> UPS Paketumschlaghalle te K\u00f6ln-Bonn (D) &#8211; Ausf\u00fchrungsplanung<\/a><\/h5>\n\n\n        \n            <span class=\"project_category\" style=\"color: #ffffff\" >\n    logistiek, utiliteit, Duitsland    <\/span>\n\n    <\/div>\n        \n<\/article>\n<article class='mix portfolio_category_17 default' style=''>\n    \n    \n    \n                <div class='image_holder'>\n                <a itemprop='url' class='portfolio_link_for_touch' href='https:\/\/www.stripesarchitects.nl\/nl\/portfolio_page\/hockeyclub-den-bosch\/' target=''>\n                    \n<span class='image'><img width=\"1600\" height=\"1050\" src=\"https:\/\/www.stripesarchitects.nl\/nl\/wp-content\/uploads\/2023\/06\/Hockeyclub_Den-Bosch_01web.jpg\" class=\"attachment-full size-full wp-post-image\" alt=\"\" decoding=\"async\" srcset=\"https:\/\/www.stripesarchitects.nl\/nl\/wp-content\/uploads\/2023\/06\/Hockeyclub_Den-Bosch_01web.jpg 1600w, https:\/\/www.stripesarchitects.nl\/nl\/wp-content\/uploads\/2023\/06\/Hockeyclub_Den-Bosch_01web-300x197.jpg 300w, https:\/\/www.stripesarchitects.nl\/nl\/wp-content\/uploads\/2023\/06\/Hockeyclub_Den-Bosch_01web-1024x672.jpg 1024w, https:\/\/www.stripesarchitects.nl\/nl\/wp-content\/uploads\/2023\/06\/Hockeyclub_Den-Bosch_01web-768x504.jpg 768w, https:\/\/www.stripesarchitects.nl\/nl\/wp-content\/uploads\/2023\/06\/Hockeyclub_Den-Bosch_01web-1536x1008.jpg 1536w, https:\/\/www.stripesarchitects.nl\/nl\/wp-content\/uploads\/2023\/06\/Hockeyclub_Den-Bosch_01web-700x459.jpg 700w\" sizes=\"(max-width: 1600px) 100vw, 1600px\" \/><\/span>                <\/a>\n\n                <span class='text_holder'>\n    <span class='text_outer'>\n        <span class='text_inner'>\n            <span class='feature_holder'>\n                            <span class=\"feature_holder_icons\">';\n                            <a itemprop='image' class='lightbox qbutton small white' title='Hockeyclub &#8216;s-Hertogenbosch' href='https:\/\/www.stripesarchitects.nl\/nl\/wp-content\/uploads\/2023\/06\/Hockeyclub_Den-Bosch_01web.jpg' data-rel='prettyPhoto[pretty_photo_gallery]'>zoom<\/a>\n    \n                            <a itemprop='url' class='preview qbutton small white' href='https:\/\/www.stripesarchitects.nl\/nl\/portfolio_page\/hockeyclub-den-bosch\/' target='_self'>view<\/i><\/a>\n    \n                                            <\/span>\n        <\/span>\n    <\/span>\n<\/span>            <\/div>\n                <div class='portfolio_description ' >\n\n        \n    <h5 itemprop=\"name\" class=\"portfolio_title entry_title\"><a itemprop=\"url\" href=\"https:\/\/www.stripesarchitects.nl\/nl\/portfolio_page\/hockeyclub-den-bosch\/\"  target=\"_self\"> Hockeyclub &#8216;s-Hertogenbosch<\/a><\/h5>\n\n\n        \n            <span class=\"project_category\" style=\"color: #ffffff\" >\n    sport    <\/span>\n\n    <\/div>\n        \n<\/article>\n<article class='mix portfolio_category_16 default' style=''>\n    \n    \n    \n                <div class='image_holder'>\n                <a itemprop='url' class='portfolio_link_for_touch' href='https:\/\/www.stripesarchitects.nl\/nl\/portfolio_page\/pdv-grootschalige-detailhandel-venray\/' target=''>\n                    \n<span class='image'><img width=\"1600\" height=\"900\" src=\"https:\/\/www.stripesarchitects.nl\/nl\/wp-content\/uploads\/2023\/06\/PDV_de-Brier_Venray_05web.jpg\" class=\"attachment-full size-full wp-post-image\" alt=\"\" decoding=\"async\" srcset=\"https:\/\/www.stripesarchitects.nl\/nl\/wp-content\/uploads\/2023\/06\/PDV_de-Brier_Venray_05web.jpg 1600w, https:\/\/www.stripesarchitects.nl\/nl\/wp-content\/uploads\/2023\/06\/PDV_de-Brier_Venray_05web-300x169.jpg 300w, https:\/\/www.stripesarchitects.nl\/nl\/wp-content\/uploads\/2023\/06\/PDV_de-Brier_Venray_05web-1024x576.jpg 1024w, https:\/\/www.stripesarchitects.nl\/nl\/wp-content\/uploads\/2023\/06\/PDV_de-Brier_Venray_05web-768x432.jpg 768w, https:\/\/www.stripesarchitects.nl\/nl\/wp-content\/uploads\/2023\/06\/PDV_de-Brier_Venray_05web-1536x864.jpg 1536w, https:\/\/www.stripesarchitects.nl\/nl\/wp-content\/uploads\/2023\/06\/PDV_de-Brier_Venray_05web-700x394.jpg 700w, https:\/\/www.stripesarchitects.nl\/nl\/wp-content\/uploads\/2023\/06\/PDV_de-Brier_Venray_05web-539x303.jpg 539w\" sizes=\"(max-width: 1600px) 100vw, 1600px\" \/><\/span>                <\/a>\n\n                <span class='text_holder'>\n    <span class='text_outer'>\n        <span class='text_inner'>\n            <span class='feature_holder'>\n                            <span class=\"feature_holder_icons\">';\n                            <a itemprop='image' class='lightbox qbutton small white' title='PDV grootschalige detailhandel Venray' href='https:\/\/www.stripesarchitects.nl\/nl\/wp-content\/uploads\/2023\/06\/PDV_de-Brier_Venray_05web.jpg' data-rel='prettyPhoto[pretty_photo_gallery]'>zoom<\/a>\n    \n                            <a itemprop='url' class='preview qbutton small white' href='https:\/\/www.stripesarchitects.nl\/nl\/portfolio_page\/pdv-grootschalige-detailhandel-venray\/' target='_self'>view<\/i><\/a>\n    \n                                            <\/span>\n        <\/span>\n    <\/span>\n<\/span>            <\/div>\n                <div class='portfolio_description ' >\n\n        \n    <h5 itemprop=\"name\" class=\"portfolio_title entry_title\"><a itemprop=\"url\" href=\"https:\/\/www.stripesarchitects.nl\/nl\/portfolio_page\/pdv-grootschalige-detailhandel-venray\/\"  target=\"_self\"> PDV grootschalige detailhandel Venray<\/a><\/h5>\n\n\n        \n            <span class=\"project_category\" style=\"color: #ffffff\" >\n    utiliteit    <\/span>\n\n    <\/div>\n        \n<\/article>\n        <div class='filler'><\/div>\n            <div class='filler'><\/div>\n            <div class='filler'><\/div>\n        <\/div>\n\n    \n    <\/div>[vc_column_text][\/vc_column_text][\/vc_column][\/vc_row]<\/p>\n<\/section>","protected":false},"excerpt":{"rendered":"<p>[vc_row row_type=&#8221;row&#8221; use_row_as_full_screen_section=&#8221;no&#8221; type=&#8221;full_width&#8221; angled_section=&#8221;no&#8221; text_align=&#8221;left&#8221; background_image_as_pattern=&#8221;without_pattern&#8221;][vc_column][vc_column_text][vc_column_text][\/vc_column_text][\/vc_column][\/vc_row]<\/p>\n","protected":false},"author":1,"featured_media":0,"parent":0,"menu_order":0,"comment_status":"open","ping_status":"open","template":"","meta":[],"_links":{"self":[{"href":"https:\/\/www.stripesarchitects.nl\/nl\/wp-json\/wp\/v2\/pages\/67"}],"collection":[{"href":"https:\/\/www.stripesarchitects.nl\/nl\/wp-json\/wp\/v2\/pages"}],"about":[{"href":"https:\/\/www.stripesarchitects.nl\/nl\/wp-json\/wp\/v2\/types\/page"}],"author":[{"embeddable":true,"href":"https:\/\/www.stripesarchitects.nl\/nl\/wp-json\/wp\/v2\/users\/1"}],"replies":[{"embeddable":true,"href":"https:\/\/www.stripesarchitects.nl\/nl\/wp-json\/wp\/v2\/comments?post=67"}],"version-history":[{"count":101,"href":"https:\/\/www.stripesarchitects.nl\/nl\/wp-json\/wp\/v2\/pages\/67\/revisions"}],"predecessor-version":[{"id":3363,"href":"https:\/\/www.stripesarchitects.nl\/nl\/wp-json\/wp\/v2\/pages\/67\/revisions\/3363"}],"wp:attachment":[{"href":"https:\/\/www.stripesarchitects.nl\/nl\/wp-json\/wp\/v2\/media?parent=67"}],"curies":[{"name":"wp","href":"https:\/\/api.w.org\/{rel}","templated":true}]}}